{"id":169,"date":"2017-06-26T09:29:54","date_gmt":"2017-06-26T12:29:54","guid":{"rendered":"http:\/\/apps.mpma.mp.br\/campanha-contra-drogas\/wp-content\/uploads\/2017\/06\/premia\u00e7\u00e3o.jpg"},"modified":"2017-06-26T09:33:19","modified_gmt":"2017-06-26T12:33:19","slug":"premiacao","status":"inherit","type":"attachment","link":"https:\/\/apps.mpma.mp.br\/campanha-contra-drogas\/2017\/06\/26\/campanha-bastante-movimentada-em-2017-belissimo-evento-realizado-no-liceu-maranhense\/premiacao\/","title":{"rendered":"PREMIA\u00c7\u00c3O DOS ALUNOS VENCEDORES DOS CONCURSOS DE DESENHO E POESIA"},"author":2,"comment_status":"open","ping_status":"closed","template":"","meta":[],"description":{"rendered":"<p class=\"attachment\"><a href='https:\/\/apps.mpma.mp.br\/campanha-contra-drogas\/wp-content\/uploads\/2017\/06\/premia\u00e7\u00e3o.jpg'><img width=\"300\" height=\"201\" src=\"https:\/\/apps.mpma.mp.br\/campanha-contra-drogas\/wp-content\/uploads\/2017\/06\/premia\u00e7\u00e3o-300x201.jpg\" class=\"attachment-medium size-medium\" alt=\"\" decoding=\"async\" loading=\"lazy\" srcset=\"https:\/\/apps.mpma.mp.br\/campanha-contra-drogas\/wp-content\/uploads\/2017\/06\/premia\u00e7\u00e3o-300x201.jpg 300w, https:\/\/apps.mpma.mp.br\/campanha-contra-drogas\/wp-content\/uploads\/2017\/06\/premia\u00e7\u00e3o-768x513.jpg 768w, https:\/\/apps.mpma.mp.br\/campanha-contra-drogas\/wp-content\/uploads\/2017\/06\/premia\u00e7\u00e3o-1024x684.jpg 1024w\" sizes=\"(max-width: 300px) 100vw, 300px\" \/><\/a><\/p>\n"},"caption":{"rendered":"<p>PREMIA\u00c7\u00c3O DOS ALUNOS VENCEDORES DOS CONCURSOS DE DESENHO E POESIA<\/p>\n"},"alt_text":"","media_type":"image","mime_type":"image\/jpeg","media_details":{"width":2992,"height":2000,"file":"2017\/06\/premia\u00e7\u00e3o.jpg","sizes":{"thumbnail":{"file":"premia\u00e7\u00e3o-250x250.jpg","width":250,"height":250,"mime_type":"image\/jpeg","source_url":"https:\/\/apps.mpma.mp.br\/campanha-contra-drogas\/wp-content\/uploads\/2017\/06\/premia\u00e7\u00e3o-250x250.jpg"},"medium":{"file":"premia\u00e7\u00e3o-300x201.jpg","width":300,"height":201,"mime_type":"image\/jpeg","source_url":"https:\/\/apps.mpma.mp.br\/campanha-contra-drogas\/wp-content\/uploads\/2017\/06\/premia\u00e7\u00e3o-300x201.jpg"},"medium_large":{"file":"premia\u00e7\u00e3o-768x513.jpg","width":768,"height":513,"mime_type":"image\/jpeg","source_url":"https:\/\/apps.mpma.mp.br\/campanha-contra-drogas\/wp-content\/uploads\/2017\/06\/premia\u00e7\u00e3o-768x513.jpg"},"large":{"file":"premia\u00e7\u00e3o-1024x684.jpg","width":1024,"height":684,"mime_type":"image\/jpeg","source_url":"https:\/\/apps.mpma.mp.br\/campanha-contra-drogas\/wp-content\/uploads\/2017\/06\/premia\u00e7\u00e3o-1024x684.jpg"},"post-thumbnail":{"file":"premia\u00e7\u00e3o-672x372.jpg","width":672,"height":372,"mime_type":"image\/jpeg","source_url":"https:\/\/apps.mpma.mp.br\/campanha-contra-drogas\/wp-content\/uploads\/2017\/06\/premia\u00e7\u00e3o-672x372.jpg"},"twentyfourteen-full-width":{"file":"premia\u00e7\u00e3o-1038x576.jpg","width":1038,"height":576,"mime_type":"image\/jpeg","source_url":"https:\/\/apps.mpma.mp.br\/campanha-contra-drogas\/wp-content\/uploads\/2017\/06\/premia\u00e7\u00e3o-1038x576.jpg"},"full":{"file":"premia\u00e7\u00e3o.jpg","width":2992,"height":2000,"mime_type":"image\/jpeg","source_url":"https:\/\/apps.mpma.mp.br\/campanha-contra-drogas\/wp-content\/uploads\/2017\/06\/premia\u00e7\u00e3o.jpg"}},"image_meta":{"aperture":"5","credit":"","camera":"NIKON D5200","caption":"","created_timestamp":"1496403799","copyright":"","focal_length":"70","iso":"3200","shutter_speed":"0.016666666666667","title":"","orientation":"1","keywords":[]}},"post":167,"source_url":"https:\/\/apps.mpma.mp.br\/campanha-contra-drogas\/wp-content\/uploads\/2017\/06\/premia\u00e7\u00e3o.jpg","_links":{"self":[{"href":"https:\/\/apps.mpma.mp.br\/campanha-contra-drogas\/wp-json\/wp\/v2\/media\/169"}],"collection":[{"href":"https:\/\/apps.mpma.mp.br\/campanha-contra-drogas\/wp-json\/wp\/v2\/media"}],"about":[{"href":"https:\/\/apps.mpma.mp.br\/campanha-contra-drogas\/wp-json\/wp\/v2\/types\/attachment"}],"author":[{"embeddable":true,"href":"https:\/\/apps.mpma.mp.br\/campanha-contra-drogas\/wp-json\/wp\/v2\/users\/2"}],"replies":[{"embeddable":true,"href":"https:\/\/apps.mpma.mp.br\/campanha-contra-drogas\/wp-json\/wp\/v2\/comments?post=169"}]}}