{"id":2,"date":"2016-09-12T10:03:05","date_gmt":"2016-09-12T13:03:05","guid":{"rendered":"http:\/\/apps.mpma.mp.br\/campanha-contra-drogas\/?page_id=2"},"modified":"2020-04-14T15:48:15","modified_gmt":"2020-04-14T18:48:15","slug":"campanha","status":"publish","type":"page","link":"https:\/\/apps.mpma.mp.br\/campanha-contra-drogas\/campanha\/","title":{"rendered":"NOSSO PROJETO"},"content":{"rendered":"<p><img decoding=\"async\" loading=\"lazy\" class=\"alignnone size-full wp-image-13\" src=\"http:\/\/apps.mpma.mp.br\/campanha-contra-drogas\/wp-content\/uploads\/2016\/09\/banner_web.jpg\" alt=\"banner_web\" width=\"800\" height=\"601\" srcset=\"https:\/\/apps.mpma.mp.br\/campanha-contra-drogas\/wp-content\/uploads\/2016\/09\/banner_web.jpg 800w, https:\/\/apps.mpma.mp.br\/campanha-contra-drogas\/wp-content\/uploads\/2016\/09\/banner_web-300x225.jpg 300w, https:\/\/apps.mpma.mp.br\/campanha-contra-drogas\/wp-content\/uploads\/2016\/09\/banner_web-768x577.jpg 768w\" sizes=\"(max-width: 800px) 100vw, 800px\" \/><\/p>\n<p>&nbsp;<\/p>\n<h2>Objetivo<\/h2>\n<p style=\"text-align: justify;\">Esta campanha de preven\u00e7\u00e3o e combate \u00e0s drogas visa despertar a reflex\u00e3o sobre a problem\u00e1tica das drogas e suas implica\u00e7\u00f5es na vida familiar e social, al\u00e9m de contribuir para a diminui\u00e7\u00e3o da criminalidade, consistindo em palestras e concursos de desenhos e<br \/>\npoesias em escolas p\u00fablicas municipais e estaduais de S\u00e3o Lu\u00eds\/MA.<\/p>\n<p style=\"text-align: justify;\">Desde o ano de 2016, esta campanha tamb\u00e9m incluiu entre os seus objetivos fomentar a implanta\u00e7\u00e3o dos Conselhos Escolares sobre Drogas nas Escolas P\u00fablicas de S\u00e3o Lu\u00eds, conforme disp\u00f5e a Lei Estadual n\u00b0 10.302, de 1\u00ba de setembro de 2015.<\/p>\n<p style=\"text-align: justify;\">Durante o ano de 2017, esta campanha continuar\u00e1 com a realiza\u00e7\u00e3o de palestras de preven\u00e7\u00e3o \u00e0s drogas diretamente nas escolas das redes p\u00fablicas municipais e estaduais, bem como com a realiza\u00e7\u00e3o dos concursos de desenhos, de poesias e de outras atividades art\u00edsticas, culturais e esportivas que funcionem como forma de inclus\u00e3o social e de melhoria da qualidade de vida dos alunos alcan\u00e7ados.<\/p>\n<p style=\"text-align: justify;\">A campanha ter\u00e1, ainda, como objetivos espec\u00edficos:<br \/>\n1- a articula\u00e7\u00e3o necess\u00e1ria para a implementa\u00e7\u00e3o do Conselho Estadual e do Fundo de Pol\u00edticas P\u00fablicas sobre Drogas;<br \/>\n2- o incentivo \u00e0 cria\u00e7\u00e3o e \u00e0 implementa\u00e7\u00e3o do Conselho Municipal e do Fundo de Pol\u00edticas P\u00fablicas sobre Drogas; e,<br \/>\n3- o apoio e a orienta\u00e7\u00e3o para a instala\u00e7\u00e3o dos Conselhos Escolares sobre Drogas.<\/p>\n<h2>Idealiza\u00e7\u00e3o<\/h2>\n<p>Cristiane Gomes Coelho Maia Lago, Promotora de Justi\u00e7a, titular da 11\u00aa Promotoria de Justi\u00e7a de Substitui\u00e7\u00e3o Plena da Capital.<\/p>\n<h2>Coordena\u00e7\u00e3o<\/h2>\n<p style=\"text-align: justify;\">Este projeto \u00e9 desenvolvido pelo Minist\u00e9rio P\u00fablico do Estado do Maranh\u00e3o, sob a coordena\u00e7\u00e3o das Promotoras de Justi\u00e7a Cristiane Gomes Coelho Maia Lago e Sandra Fagundes Garcia, titulares, respectivamente, das 11\u00aa Promotoria de Justi\u00e7a de Substitui\u00e7\u00e3o Plena da Capital e 6\u00aa Promotoria de Justi\u00e7a de A\u00e7ail\u00e2ndia.<\/p>\n<h2>Parceiros<\/h2>\n<p>Procuradoria Geral de Justi\u00e7a, Biblioteca P\u00fablica Estadual Benedito Leite, Narc\u00f3ticos An\u00f4nimos,\u00a0Alco\u00f3licos An\u00f4nimos, Secretaria Municipal de Educa\u00e7\u00e3o, Secretarias Estaduais de Cultura, Educa\u00e7\u00e3o e Juventude, Gestores, Coordenadores e Professores das escolas participantes, Sindicato das Empresas de Transportes de Passageiros de S\u00e3o Lu\u00eds &#8211; SET.<\/p>\n<h2>Passo a Passo<\/h2>\n<p>1\u00ba &#8211; Reuni\u00e3o com os Gestores e Professores das escolas participantes;<\/p>\n<p>2\u00ba &#8211; Buscar parcerias. Exemplos: Secretarias Estaduais e Municipais de Educa\u00e7\u00e3o, Cultura, A\u00e7\u00e3o Social, Sa\u00fade; Ordem dos Advogados do Brasil no Maranh\u00e3o;\u00a0Narc\u00f3ticos e Alco\u00f3licos an\u00f4nimos; Igrejas, ONGs, Sindicatos, Bibliotecas, Universidades, Faculdades, Livrarias e Academias de Letras.<\/p>\n<p>3\u00ba &#8211; Lan\u00e7amento do Edital do Concurso de Desenho e Poesia nas Escolas;<\/p>\n<p>4\u00ba &#8211; Os alunos realizam as atividades previstas no edital, sob a orienta\u00e7\u00e3o de professores;<\/p>\n<p>5\u00ba &#8211; Palestra principal realizada na escola ou em audit\u00f3rio de \u00f3rg\u00e3os parceiros com a premia\u00e7\u00e3o dos 3 (tr\u00eas) melhores desenhos e poesias.<\/p>\n<p>6\u00ba &#8211; Buscar os alunos premiados em primeiro lugar no concurso de desenho e poesia nas escolas, em data combinada com a escola, para passarem um dia com o Promotor de Justi\u00e7a coordenador da Campanha, quando conhecer\u00e3o melhor o trabalho desenvolvido pelo Promotores de Justi\u00e7a, assistindo a audi\u00eancias, manuseando processos, assistindo a uma parte de uma Sess\u00e3o do Tribunal do J\u00fari, conhecendo o ambiente de trabalho nas Promotorias de Justi\u00e7a e F\u00f3runs.<\/p>\n<h2>Recomenda\u00e7\u00e3o<\/h2>\n<p>Segue abaixo, em anexo, a Recomenda\u00e7\u00e3o n\u00ba 09\/2017 do Minist\u00e9rio P\u00fablico do Estado do Maranh\u00e3o aos Promotores de Justi\u00e7a, para cria\u00e7\u00e3o dos conselhos escolares sobre drogas:<\/p>\n<p><a href=\"http:\/\/apps.mpma.mp.br\/campanha-contra-drogas\/wp-content\/uploads\/2016\/09\/RECOMENDA\u00c7\u00c3O-n\u00ba-09-2017-CRIA\u00c7\u00c3O-DE-CONSELHO-ESCOLAR..pdf\">recomendacao-no-09-2017-criacao-de-conselho-escolar<\/a><\/p>\n<h2>Hist\u00f3rico<\/h2>\n<p><span style=\"text-decoration: underline;\"><strong>REALIZA\u00c7\u00c3O DO PROJETO NO ANO DE 2013 &#8211;\u00a0<\/strong><strong>MUNIC\u00cdPIO DE ITAPECURU-MIRIM<\/strong><\/span><\/p>\n<p>Esta Campanha de Preven\u00e7\u00e3o e \u00a0Combate \u00e0s Drogas teve in\u00edcio na Comarca de Itapecuru-Mirim, em 19 de junho de 2013, quando a Promotora de Justi\u00e7a Cristiane Lago era titular da 2\u00aa Promotoria de Justi\u00e7a.<\/p>\n<p>Em Itapecuru-Mirim, a Campanha realizou-se em parceria com a 1\u00aa Promotoria de Justi\u00e7a de Itapecuru-Mirim, que tinha como titular a Promotora de Justi\u00e7a Theresa Maria Muniz Ribeiro de La Iglesia; com as Secretarias Municipais de Educa\u00e7\u00e3o, Sa\u00fade, e Assist\u00eancia Social; com o Conselho Tutelar, al\u00e9m do apoio das Diretoras e Professoras das Escolas P\u00fablicas Municipais e Estaduais.<\/p>\n<p>Nesta Comarca, a Campanha foi realiza nas seguintes Escolas:<\/p>\n<p>1 &#8211; Escola Municipal Unidade Integrada de Itapecuru-Mirim &#8211; Em 19 de junho de 2013;<\/p>\n<p>2 &#8211; Escola Municipal da Zona Rural Maria Alice Amorim &#8211; Em 21 de junho de 2013;<\/p>\n<p>3 &#8211; Escola Centro de Ensino Fundamental Governadora Roseana Sarney &#8211; Em 26 de junho de 2013;<\/p>\n<p>4 &#8211; Escola Municipal da Zona Rural Unidade Integrada Santa Terezinha &#8211; Em 12 de setembro de 2013;<\/p>\n<p>5 &#8211; Escola Municipal da Zona Rural Prote\u00e7\u00e3o de Maria &#8211; Em 25 de setembro de 2013;<\/p>\n<p>6 &#8211; Escola Municipal da Zona Rural Paulo Freire &#8211; Em 09 de outubro de 2013;<\/p>\n<p>7- Escola Mariana Luz &#8211; Em 24 de outubro de 2013; e,<\/p>\n<p>8- Escola Professor Jo\u00e3o da Silva Rodrigues &#8211; Em 07 de novembro de 2013.<\/p>\n<p>Total de alunos NO ANO DE 2013, alcan\u00e7ados no Munic\u00edpio de Itapecuru-Mirim: aproximadamente 1000 (mil) alunos.<\/p>\n<p><span style=\"text-decoration: underline;\"><strong>REALIZA\u00c7\u00c3O DO PROJETO NO ANO DE 2014 &#8211; MUNIC\u00cdPIO DE\u00a0S\u00c3O LU\u00cdS<\/strong><\/span><\/p>\n<p>Em S\u00e3o Lu\u00eds, a Campanha foi lan\u00e7ada em 6 de maio de 2014, em parceria com a Biblioteca P\u00fablica Estadual Benedito Leite, consistindo em uma palestra por m\u00eas, no audit\u00f3rio daquela Biblioteca, para alunos de escolas p\u00fablicas municipais e estaduais.<\/p>\n<p>Escolas participantes em 2014:<\/p>\n<p>1 &#8211; Escola Estadual Liceu Maranhense &#8211; Em 06 de maio de 2014;<\/p>\n<p>2 &#8211; Escola Estadual Edson Lob\u00e3o &#8211; CEGEL &#8211; Em 05 de agosto de 2014;<\/p>\n<p>3 &#8211; Escola Estadual Bernardo Coelho &#8211; Em 16 de setembro de 2014;<\/p>\n<p>4 &#8211; Escola Particular Vin\u00edcius de Moraes &#8211; Em 30 de setembro de 2014;<\/p>\n<p>5 &#8211; Escola Estadual Benedito Leite (Escola Modelo) &#8211; Em 07 de outubro de 2014;<\/p>\n<p>6 &#8211; Escola Municipal Carlos Madeira &#8211; Em 19 de novembro de 2014; e,<\/p>\n<p>7 &#8211; Escola Municipal Ros\u00e1lia Freire &#8211; Em 19 de novembro de 2014.<\/p>\n<p>TOTAL DE ALUNOS DO ANO DE 2014:<br \/>\naproximadamente 1.050 (mil e cinquenta) alunos.<\/p>\n<p><span style=\"text-decoration: underline;\"><strong>REALIZA\u00c7\u00c3O DO PROJETO NO ANO DE 2015 &#8211;\u00a0MUNIC\u00cdPIO DE\u00a0S\u00c3O LU\u00cdS<\/strong><\/span><\/p>\n<p>1 &#8211; Escola Estadual Bernardo Coelho de Almeida &#8211; Em 07 de abril de 2015;<\/p>\n<p>2- Escola Estadual Bandeira Tribuzzi &#8211; Em 27 de maio de 2015;<\/p>\n<p>3 &#8211; Comunidade Cat\u00f3lica da Igreja Nossa Senhora da Vit\u00f3ria no Bairro Vila Palmeira &#8211; Em 03 de junho de 2015;<\/p>\n<p>4 &#8211; Escola Municipal Maria Alice Coutinho (Anexo Leonardo da Vinci) &#8211; Em 09 de junho de 2015;<\/p>\n<p>5 &#8211; Escola Municipal Professor S\u00e1 Valle &#8211; 18 de agosto de 2015;<\/p>\n<p>6 &#8211; Escola Municipal Barbosa de God\u00f3is &#8211; Em 23 de setembro de 2015;<\/p>\n<p>7 &#8211; Escola Municipal Fernando Perdig\u00e3o &#8211; Em 23 de setembro de 2015;<\/p>\n<p>8 &#8211; Escola Municipal Estado do Par\u00e1 &#8211; Em 23 de setembro de 2015;<\/p>\n<p>9 &#8211; Escola Municipal Estado do Rio Grande do Norte &#8211; Em 22 de outubro de 2015.<\/p>\n<p>10 &#8211; Escola Estadual Francisco Ximenes &#8211; Em 25 de novembro de 2015.<\/p>\n<p>11 &#8211; Palestra na IX Feira do Livro de S\u00e3o Lu\u00eds &#8211; FELIS &#8211; para alunos de escolas p\u00fablicas e comunit\u00e1rias &#8211; Em 9 de outubro de 2015.<\/p>\n<p>TOTAL DE ALUNOS DO ANO DE 2015: aproximadamente<br \/>\n1.650 (mil seiscentos e cinquenta) alunos.<\/p>\n<p><span style=\"text-decoration: underline;\"><strong>REALIZA\u00c7\u00c3O DO PROJETO NO ANO DE 2016 &#8211;\u00a0MUNIC\u00cdPIO DE S\u00c3O LU\u00cdS<\/strong><\/span><\/p>\n<p>Em 2016, a Campanha iniciou-se em 22 de junho de 2016, com um treinamento para gestores, professores e alunos de 30 (trinta) escolas p\u00fablicas, 15 (quinze) municipais e 15(quinze) estaduais, visando desenvolver as atividades dentro das escolas, de forma cont\u00ednua, com a implanta\u00e7\u00e3o dos Conselhos Escolares Antidrogas, previstos na Lei \u00a0Estadual n\u00b0 10.302, de 1\u00ba de setembro de 2015.<\/p>\n<p>Foram definidos dois per\u00edodos para a realiza\u00e7\u00e3o de atividades mais intensas nas escolas: no m\u00eas de agosto e no m\u00eas de outubro de 2016, com a participa\u00e7\u00e3o de Palestrantes Volunt\u00e1rios.<\/p>\n<p>1\u00aa per\u00edodo &#8211; de 22 a 30 de agosto de 2016 &#8211; \u00a0Escolas participantes e os respectivos Palestrantes Volunt\u00e1rios.<\/p>\n<p>1 &#8211; \u00a0Centro Integrado do Rio Anil -CINTRA &#8211; Palestrante &#8211; Promotor de Justi\u00e7a Ednarg Fernandes Marques;<\/p>\n<p>2- Centro Escolar Cidade de S\u00e3o Lu\u00eds &#8211; Palestrante &#8211; Promotor de Justi\u00e7a Pedro Lino Silva Curvelo;<\/p>\n<p>3 &#8211; Unidade Integrada Raimundo Corr\u00eaa &#8211; Palestrante &#8211; Professor Doutor da UFMA M\u00e1rcio Aleandro Correia Teixeira;<\/p>\n<p>4 &#8211; Unidade Integrada Bandeira Tribuzzi &#8211; Palestrante &#8211; Professor Doutor da UFMA M\u00e1rcio Aleandro Correia Teixeira;<\/p>\n<p>5 &#8211; Centro Escolar Benedito Leite (Escola Modelo) &#8211; Palestrante &#8211; Ju\u00edza de Direito Mirella Cezar Freitas;<\/p>\n<p>6 &#8211; Centro Escolar Professora Estef\u00e2nia Rosa Silva &#8211; Palestrante &#8211; Promotora de Justi\u00e7a Emmanuella Souza de Barros Bello Peixoto;<\/p>\n<p>7 &#8211; Unidade Integrada Fernando Perdig\u00e3o &#8211; Palestrante Promotora de Justi\u00e7a Cristiane Gomes Coelho Maia Lago;<\/p>\n<p>8 &#8211; Unidade Integrada Renascen\u00e7a &#8211; Palestrante Promotora de Justi\u00e7a Cristiane Gomes Coelho Maia Lago;<\/p>\n<p>9 &#8211; Unidade Integrada Jo\u00e3o Evangelista dos Santos &#8211; Palestrante &#8211; Advogado Alan Paiva;<\/p>\n<p>10 &#8211; Centro Escolar Bernardo Coelho &#8211; Palestrantes &#8211; Defensor P\u00fablico L\u00facio Lins Siqueira Ramos e a Diretora da Biblioteca P\u00fablica Estadual Benedito Leite, Aline Nascimento de Moraes;<\/p>\n<p>11 &#8211; Unidade Escolar Maria Alice Coutinho &#8211; Palestrante &#8211; Advogada N\u00e1dia Maria Fran\u00e7a Quinzeiro Guedelha;<\/p>\n<p>12 &#8211; Centro de Escolar Dr. Francisco de Assis Ximenes de Arag\u00e3o Filho &#8211; Palestrantes &#8211; Advogada Cl\u00e1udia Rodrigues, Coronel Ara\u00fajo; Sargento Claudiomar Oliveira e Soldado Wallison; e,<\/p>\n<p>13- Unidade Integrada Dr. Ant\u00f4nio Jorge Dino &#8211; Palestrante &#8211; Delegado de Pol\u00edcia Civil Joviano Furtado Mendon\u00e7a.<\/p>\n<p>TOTAL DE ALUNOS DO ANO DE 2016: aproximadamente 3.900 (tr\u00eas mil e novecentos alunos)<\/p>\n<p><span style=\"text-decoration: underline;\"><strong>REALIZA\u00c7\u00c3O DO PROJETO NO ANO DE 2017 &#8211;\u00a0\u00a0MUNIC\u00cdPIO DE S\u00c3O LU\u00cdS<\/strong><\/span><\/p>\n<p style=\"text-align: justify;\">Em 2017, conforme portaria n\u00ba 2241\/2017-GPGJ, publicada em 29 de mar\u00e7o de 2017, o Procurador-Geral de Justi\u00e7a do Minist\u00e9rio P\u00fablico do Estado do Maranh\u00e3o, o Senhor Lu\u00eds Gonzaga Martins Co\u00ealho, designou a Promotora de Justi\u00e7a Cristiane Gomes Coelho Maia Lago, titular da 11\u00aa Promotoria de Justi\u00e7a de Substitui\u00e7\u00e3o Plena da Capital, e a Promotora de Justi\u00e7a Sandra Fagundes Garcia, titular da 6\u00aa Promotoria de Justi\u00e7a da Comarca de A\u00e7ail\u00e2ndia, para implementarem a campanha \u201cQuem escolhe o seu caminho? Voc\u00ea ou \u00e0s drogas?\u201d em todo o Estado do Maranh\u00e3o.<\/p>\n<p style=\"text-align: justify;\">Ainda em 2017, A Campanha iniciou-se em 24 de abril na Unidade de Educa\u00e7\u00e3o B\u00e1sica Professor Rubem Almeida, localizada no bairro do Coroadinho, nesta Capital, com a realiza\u00e7\u00e3o de uma palestra ministrada pela Promotora de Justi\u00e7a Cristiane Lago, idealizadora do Projeto, para alunos e a comunidade em geral.<\/p>\n<p style=\"text-align: justify;\">Durante o ano de 2017, esta campanha continuar\u00e1 com a realiza\u00e7\u00e3o de palestras de preven\u00e7\u00e3o \u00e0s drogas diretamente nas escolas das redes p\u00fablicas municipais e estaduais, bem como com a realiza\u00e7\u00e3o dos concursos de desenhos, de poesias e de outras atividades art\u00edsticas, culturais e esportivas que funcionem como forma de inclus\u00e3o social e de melhoria da qualidade de vida dos alunos alcan\u00e7ados.<\/p>\n<p style=\"text-align: justify;\">As atividades da Campanha ser\u00e3o desenvolvidas diretamente nas Escolas, visando alcan\u00e7ar um n\u00famero mais expressivo de alunos, considerando que o Edital do Concurso que ser\u00e1 trabalhado em todas as salas de aula, sob a orienta\u00e7\u00e3o dos professores designados pela Dire\u00e7\u00e3o de cada escola participante. E a palestra e premia\u00e7\u00e3o dos vencedores do concurso funciona como o \u00e1pice das atividades desenvolvidas no ambiente escolar.<\/p>\n<p style=\"text-align: justify;\">Escolas participantes no ANO de 2017.<\/p>\n<p style=\"text-align: justify;\">1 &#8211; Unidade de Educa\u00e7\u00e3o B\u00e1sica Professor Rubem Almeida, no Bairro Coroadinho, em 24 de abril de 2017, \u00e0 noite, para mais de 50 (cinquenta) alunos, e as atividades se estenderam para 400 alunos.<\/p>\n<p style=\"text-align: justify;\">2 &#8211; Unidade de Educa\u00e7\u00e3o B\u00e1sica Professora Cam\u00e9lia da Costa Viveiro, no Bairro Coroado, pela manh\u00e3, em 26 de abril, para\u00a0mais\u00a0 de 50 (cinquenta) alunos, e as atividades se estenderam para 210 alunos.<\/p>\n<p style=\"text-align: justify;\">3 &#8211; Liceu Maranhense, no Centro, em 22 de junho de 2017, pela manh\u00e3, para\u00a0\u00a0mais de 150 (cento e cinquenta) alunos, e as atividades se estenderam para 880 alunos.<\/p>\n<p style=\"text-align: justify;\">4 &#8211; Escola Municipal Unidade de Educa\u00e7\u00e3o B\u00e1sica Maria Alice Coutinho, Bairro Turu,\u00a0\u00a0em 22 de junho de 2017, \u00e0 tarde, para mais de 80 (sessenta) alunos, e as atividades se estenderam para 300 alunos.<\/p>\n<p style=\"text-align: justify;\">5 &#8211; Escola Estadual Lara Ribas, no Bairro Santo Ant\u00f4nio, em 22 de junho de 2017, pela manh\u00e3, para mais de 100 (cem) alunos, e as atividades se estenderam para 320 alunos.<\/p>\n<p style=\"text-align: justify;\">6 &#8211; Escola CINTRA, no Bairro Anil, com o evento realizado no MEMORIAL do Minist\u00e9rio P\u00fablico do Maranh\u00e3o,\u00a0em 15 de agosto de 2017, pela manh\u00e3, para\u00a015 (quinze) alunos;<\/p>\n<p style=\"text-align: justify;\">7 &#8211; Escola Ant\u00f4nio Ribeiro da Silva,\u00a0com o evento realizado na\u00a0UFMA &#8211; Universidade Federal do Maranh\u00e3o,\u00a0em 22 de agosto de 2017, pela manh\u00e3, para\u00a0100 (cem) alunos, e as atividades se estenderam para 250 alunos.<\/p>\n<p style=\"text-align: justify;\">8 &#8211;\u00a0Escola Militar Tiradentes, no Bairro Vila Palmeira,\u00a0em 04 de setembro de 2017, pela manh\u00e3, para 80 (oitenta) alunos, e as atividades se estenderam para 600 alunos.<\/p>\n<p style=\"text-align: justify;\">9 &#8211;\u00a0Escola Almirante Tamandar\u00e9,\u00a0no\u00a0Bairro Cohab Anil,\u00a0em 27 de novembro de 2017, pela manh\u00e3, para 280 (duzentos e oitenta) alunos, e as atividades se estenderam para 800 alunos.<\/p>\n<p style=\"text-align: justify;\">TOTAL\u00a0 DE ALUNOS DO ANO DE 2017:\u00a0 3. 855 (tr\u00eas mil oitocentos e cinquenta e cinco) alunos.<\/p>\n<p style=\"text-align: justify;\"><strong>RESUMO: ESTE PROJETO DE PREVEN\u00c7\u00c3O E COMBATE \u00c0S DROGAS EM S\u00c3O LU\u00cdS J\u00c1 ALCAN\u00c7OU MAIS DE 10.455 (DEZ MIL\u00a0 QUATROCENTOS E CINQUENTA E CINCO) ALUNOS.<\/strong><\/p>\n<p style=\"text-align: justify;\"><span style=\"text-decoration: underline;\"><strong>REALIZA\u00c7\u00c3O DO PROJETO<\/strong> <strong>NO ANO DE 2018<\/strong><\/span><\/p>\n<p style=\"text-align: justify;\">Em 2018, este projeto estendeu-se pelo interior do Estado do Maranh\u00e3o, iniciando-se em 11 de abril, quando foram feitas as aberturas dos trabalhos nas Cidades de Dom Pedro, Capinzal do Norte e Arari. No m\u00eas de Maio, a Campanha chegou \u00e0s Cidades de Bequim\u00e3o, Mirinzal e Guimar\u00e3es.<\/p>\n<p>ADES\u00c3O DE OUTROS MUNIC\u00cdPIOS A ESTA CAMPANHA:<br \/>\n1 \u2013 A\u00c7AIL\u00c2NDIA;<br \/>\n2 &#8211; ARARI;<br \/>\n3 &#8211; ALTO DO PARNA\u00cdBA;<br \/>\n4 &#8211; ALC\u00c2NTARA;<br \/>\n5 &#8211; BALSAS;<br \/>\n6 \u2013 BURITICUPU;<br \/>\n7 &#8211; BEL\u00c1GUA;<br \/>\n8 \u2013 BOM JESUS DAS SELVAS;<br \/>\n9 &#8211; BEQUIM\u00c3O;<br \/>\n10 &#8211; CAPINZAL DO NORTE;<br \/>\n11 \u2013\u00a0CAXIAS;<br \/>\n12 \u2013 CENTRO DO GUILHERME;<br \/>\n13 \u2013 CIDEL\u00c2NDIA;<br \/>\n14 &#8211; DOM PEDRO;<br \/>\n15 \u2013 ESTREITO;<br \/>\n16 \u2013 FORTALEZAS DOS NOGUEIRAS;<br \/>\n17 &#8211; GON\u00c7ALVES DIAS;<br \/>\n18 \u2013 GOVERNADOR NUNES FREIRE;<br \/>\n19 &#8211; GOVERNADOR ARCHER;<br \/>\n20 &#8211; GUIMAR\u00c3ES;<br \/>\n21 \u2013 IMPERATRIZ;<br \/>\n22 \u2013 ICATU;<br \/>\n23 &#8211; ITAPECURU-MIRIM;<br \/>\n24 \u2013 JO\u00c3O LISBOA;<br \/>\n25 \u2013 MAGALH\u00c3ES DE ALMEIDA<br \/>\n26 &#8211; MIRINZAL;<br \/>\n27 \u2013 MARANH\u00c3OZINHO;<br \/>\n28 \u2013 NOVA COLINAS;<br \/>\n29 \u2013 OLINDA NOVA;<br \/>\n30 \u2013 PORTO FRANCO;<br \/>\n31 &#8211; PA\u00c7O DO LUMIAR;<br \/>\n32 &#8211; PEDREIRAS;<br \/>\n33 \u2013 PERI-MIRIM<br \/>\n34 \u2013 PENALVA;<br \/>\n35 &#8211; PRESIDENTE VARGAS;<br \/>\n36 &#8211; SAMBA\u00cdBA;<br \/>\n37 &#8211; S\u00c3O BERNARDO;<br \/>\n38 &#8211; S\u00c3O LU\u00cdS;<br \/>\n39 &#8211; S\u00c3O RAIMUNDO DAS MANGABEIRAS;<br \/>\n40 &#8211; S\u00c3O BENEDITO DO RIO PRETO;<br \/>\n41 \u2013 S\u00c3O FRANCISCO DO BREJ\u00c3O;<br \/>\n42 \u2013 S\u00c3O JOS\u00c9 DE RIBAMAR<br \/>\n43 &#8211; SANTO ANT\u00d4NIO DOS LOPES;<br \/>\n44 &#8211; SANTA QUIT\u00c9RIA;<br \/>\n45 &#8211; TIMON; e,<br \/>\n46 &#8211; URBANO SANTOS.<br \/>\n<span style=\"text-decoration: underline;\"><strong>REALIZA\u00c7\u00c3O DO PROJETO NO ANO DE 2019<\/strong><\/span><\/p>\n<p><strong>MAR\u00c7O<\/strong><\/p>\n<p>No ano de 2019, o projeto de preven\u00e7\u00e3o e combate \u00e0s drogas inicia-se em 19 de mar\u00e7o, com atividades em 10 (dez) escolas p\u00fablicas da Capital, com a parceria de palestrantes volunt\u00e1rios, oriundos do curso de coaching da FEBRACIS &#8211; Federa\u00e7\u00e3o Brasileira de Coaching Integral Sist\u00eamico, em S\u00e3o Lu\u00eds. O projeto se desenvolveu nas seguintes escolas:<\/p>\n<p>1 &#8211; Unidade de Ensino B\u00e1sico Camelia Costa Viveiro\u00a0 &#8211; Palestrantes: Aline Marlene de Ara\u00fajo Costa &#8211; empres\u00e1ria e Layana Thays de Souza Alves, publico alcan\u00e7ado foram 75 alunos;<\/p>\n<p>2 &#8211; Unidade de Ensino B\u00e1sico Rubem Almeida &#8211; Palestrante: Cristiane Gomes Colho Maia Lago &#8211; promotora de justi\u00e7a,\u00a0publico alcan\u00e7ado foram 60 alunos;<\/p>\n<p>3 &#8211; Unidade Integrada Artur Azevedo &#8211; Palestrantes:\u00a0Emmanuelle Peixoto &#8211; promotora de justi\u00e7a, e Hurda Nascimento &#8211; pedagoga,\u00a0publico alcan\u00e7ado foram 90 alunos;<\/p>\n<p>4 &#8211;\u00a0Unidade de Ensino B\u00e1sico M\u00e1rio Pereira &#8211;\u00a0Palestrante: Cristiane Gomes Colho Maia Lago &#8211; promotora de justi\u00e7a,\u00a0publico alcan\u00e7ado foram 100 alunos;<\/p>\n<p>5 &#8211; UEB Jo\u00e3o Lima Sobrinho\u00a0&#8211; Palestrante:\u00a0Emmanuelle Peixoto\u00a0&#8211; promotora de justi\u00e7a, publico alcan\u00e7ado foram 180 alunos;<\/p>\n<p>6 &#8211; CENTRO DE ENSINO\u00a0CIDADE OPER\u00c1RIA II &#8211; Palestrantes:\u00a0Graciela Veras &#8211; psic\u00f3loga, e Arthemisa Vit\u00f3ria Melo de Oliveira &#8211; enfermeira, publico alcan\u00e7ado foram 180 alunos;<\/p>\n<p>7 &#8211; CENTRO DE ENSINO PROF\u00ba JOS\u00c9 FRAN\u00c7A DE SOUSA &#8211; Palestrantes: Leonardo Yamato Murata, administrador de empresa e pastor evang\u00e9lico, e\u00a0Luciene de Castro Lima\u00a0&#8211; corretora de im\u00f3veis, publico alcan\u00e7ado foram\u00a095 alunos;<\/p>\n<p>8 &#8211; CENTRO DE ENSINO CIDADE DE S\u00c3O LU\u00cdS\u00a0 &#8211; Palestrante: Rita de Cassia Veras Freire, auditora fiscal do estado do Maranh\u00e3o, publico alcan\u00e7ado foram\u00a080 alunos;<\/p>\n<p>9 &#8211;\u00a0CENTRO INTEGRADO Y BACANGA &#8211; Palestrantes: Karina Mar\u00e7al Silva de Sousa, e Gilvana Duailibe Ferreira &#8211; administradora hospitalar, publico alcan\u00e7ado foram 120\u00a0alunos; e,<\/p>\n<p>10 &#8211; CENTRO DE ENSINO ANT\u00d4NIO RIBEIRO DA SILVA &#8211; Palestrante: Marco Aur\u00e9lio Silva Costa J\u00fanior, Advogado, publico alcan\u00e7ado foram\u00a0100\u00a0alunos.<\/p>\n<p><strong>ABRIL<\/strong><\/p>\n<p>Na Escola UEB Leonardo Da Vinci, a palestra foi ministrada pela Promotora de Justi\u00e7a Emanuella Belo e na Escola\u00a0Centro de Ensino Cidade Oper\u00e1ria II pela Psic\u00f3loga Graciela Feitosa.<\/p>\n<ol>\n<li>Escola Municipal UEB Leonardo Da Vinci &#8211; 58 alunos;<\/li>\n<li>Escola Estadual Centro de Ensino Cidade Oper\u00e1ria II &#8211; 120 alunos.<\/li>\n<\/ol>\n<p><strong>MAIO<\/strong><\/p>\n<p>Na Escola\u00a0UEB M\u00e1rio Pereira, a palestra foi ministrada pela\u00a0instrutora Mirna Enaile e na Escola\u00a0Centro de Ensino\u00a0Lara Ribas pela Promotora de Justi\u00e7a Elyjeane Carvalho.<\/p>\n<ol>\n<li>Escola Municipal UEB\u00a0M\u00e1rio Pereira &#8211; 100 pais e respons\u00e1veis dos alunos;<\/li>\n<li>Escola Estadual Centro de Ensino\u00a0Lara Ribas &#8211; 140 alunos.<\/li>\n<\/ol>\n<p><strong>JUNHO<\/strong><\/p>\n<ol>\n<li>U.E.B ALBERTO PINHEIRO,\u00a0Palestrante: Palestrante:\u00a0Luciene &#8211;\u00a0p\u00fablico alcan\u00e7ado foi de\u00a0mais de 90 alunos;<\/li>\n<\/ol>\n<p>2. U.E.B GOV. LEONEL BRIZOLA,\u00a0Palestrante:\u00a0Emmanuella Belo &#8211;\u00a0p\u00fablico alcan\u00e7ado foi de\u00a0mais de 80 alunos;<\/p>\n<p>3. U.E.B Dr. JOSE CUPERTINO, Palestrantes: Graciela e Renato\u00a0&#8211;\u00a0p\u00fablico alcan\u00e7ado foi de\u00a0mais de 120 alunos;<\/p>\n<p>4. U.E.B Dr. NETO GUTERRES,\u00a0Palestrante:\u00a0Marco Aur\u00e9lio &#8211;\u00a0p\u00fablico alcan\u00e7ado foi de\u00a0mais de 100 alunos;<\/p>\n<p>5. U.E.B Dr. NEWTON NEVES, Palestrante: Karina Mar\u00e7al &#8211;\u00a0p\u00fablico alcan\u00e7ado foi de\u00a0mais de 90 alunos;<\/p>\n<p>6. UNIDADE DE ENSINO LARA RIBAS &#8211; Palestrante: Mirna Enaile &#8211; p\u00fablico alcan\u00e7ado foi de mais de 150 alunos;<\/p>\n<p>7. UNIDADE DE ENSINO DR. CLARINDO SANTIAGO &#8211; Palestrantes: no turno vespertino foram Arthemiza, Luzimar e no turno matutino foram Rita de C\u00e1ssia e Hurda Nascimento, que no total o\u00a0p\u00fablico alcan\u00e7ado foi de mais de 200 alunos;<\/p>\n<p>8. CENTRO DE ENSINO\u00a0LICEU MARANHENSE, Palestrantes: Cristiane Lago e Rodrigo Gon\u00e7alves Dias &#8211;\u00a0p\u00fablico alcan\u00e7ado foi de mais de\u00a0200 alunos;<\/p>\n<p><strong>AGOSTO<\/strong><\/p>\n<p>IFMA &#8211; INSTITUTO FEDERAL DO MARANH\u00c3O no Polo: S\u00e3o Jos\u00e9 de Ribamar\/MA, Palestrante: Cristiane Lago &#8211;\u00a0p\u00fablico alcan\u00e7ado foi de mais de 110 alunos.<\/p>\n<p><strong>NOVEMBRO<\/strong><\/p>\n<p>Atividade de encerramento ocorrida no Centro Cultural do Minist\u00e9rio P\u00fablico, para os alunos do CEJOL &#8211; Centro de Ensino Jo\u00e3o Evangelista, Palestrante: Cristiane Lago &#8211;\u00a0p\u00fablico alcan\u00e7ado foi de mais de 80 alunos. E outra palestra realizada na Escola Unidade de Ensino Fernando Perdig\u00e3o, palestrante:\u00a0Marco Aur\u00e9lio Costa, Advogado &#8211;\u00a0p\u00fablico alcan\u00e7ado foi de mais de 150 alunos.<br \/>\n<strong>DEZEMBRO<\/strong><\/p>\n<p>Foram realizadas atividades nos Munic\u00edpios de A\u00e7ail\u00e2ndia, Itinga, Imperatriz e Davin\u00f3polis, com uma pedalada e diversas palestras em escolas e unidades prisionais, que alcan\u00e7aram\u00a0um p\u00fablico de mais de 2.000 mil pessoas.<\/p>\n<h2>Galeria<\/h2>\n<div id='gallery-1' class='gallery galleryid-2 gallery-columns-3 gallery-size-thumbnail'><figure class='gallery-item'>\n\t\t\t<div class='gallery-icon landscape'>\n\t\t\t\t<a href='https:\/\/apps.mpma.mp.br\/campanha-contra-drogas\/2019\/04\/03\/o-ministerio-publico-do-maranhao-retoma-as-atividades-da-campanha-de-prevencao-e-combate-as-drogas-nas-escolas-em-2019\/fotos-2019-2\/'><img width=\"250\" height=\"250\" src=\"https:\/\/apps.mpma.mp.br\/campanha-contra-drogas\/wp-content\/uploads\/2019\/04\/Fotos-2019.2-250x250.jpeg\" class=\"attachment-thumbnail size-thumbnail\" alt=\"\" decoding=\"async\" loading=\"lazy\" \/><\/a>\n\t\t\t<\/div><\/figure><figure class='gallery-item'>\n\t\t\t<div class='gallery-icon landscape'>\n\t\t\t\t<a href='https:\/\/apps.mpma.mp.br\/campanha-contra-drogas\/2018\/12\/18\/sao-luis-campanha-de-combate-as-drogas-encerra-as-atividades-em-2018\/palestra-3\/'><img width=\"250\" height=\"250\" src=\"https:\/\/apps.mpma.mp.br\/campanha-contra-drogas\/wp-content\/uploads\/2018\/12\/PALESTRA-3-250x250.jpg\" class=\"attachment-thumbnail size-thumbnail\" alt=\"\" decoding=\"async\" loading=\"lazy\" \/><\/a>\n\t\t\t<\/div><\/figure><figure class='gallery-item'>\n\t\t\t<div class='gallery-icon landscape'>\n\t\t\t\t<a href='https:\/\/apps.mpma.mp.br\/campanha-contra-drogas\/2018\/12\/18\/sao-luis-campanha-de-combate-as-drogas-encerra-as-atividades-em-2018\/palestra\/'><img width=\"250\" height=\"250\" src=\"https:\/\/apps.mpma.mp.br\/campanha-contra-drogas\/wp-content\/uploads\/2018\/12\/PALESTRA-250x250.jpg\" class=\"attachment-thumbnail size-thumbnail\" alt=\"\" decoding=\"async\" loading=\"lazy\" \/><\/a>\n\t\t\t<\/div><\/figure><figure class='gallery-item'>\n\t\t\t<div class='gallery-icon landscape'>\n\t\t\t\t<a href='https:\/\/apps.mpma.mp.br\/campanha-contra-drogas\/2019\/04\/03\/o-ministerio-publico-do-maranhao-retoma-as-atividades-da-campanha-de-prevencao-e-combate-as-drogas-nas-escolas-em-2019\/fotos-2019-4\/'><img width=\"250\" height=\"250\" src=\"https:\/\/apps.mpma.mp.br\/campanha-contra-drogas\/wp-content\/uploads\/2019\/04\/Fotos-2019.4-250x250.jpeg\" class=\"attachment-thumbnail size-thumbnail\" alt=\"\" decoding=\"async\" loading=\"lazy\" \/><\/a>\n\t\t\t<\/div><\/figure><figure class='gallery-item'>\n\t\t\t<div class='gallery-icon landscape'>\n\t\t\t\t<a href='https:\/\/apps.mpma.mp.br\/campanha-contra-drogas\/2019\/04\/03\/o-ministerio-publico-do-maranhao-retoma-as-atividades-da-campanha-de-prevencao-e-combate-as-drogas-nas-escolas-em-2019\/fotos-2019\/'><img width=\"250\" height=\"250\" src=\"https:\/\/apps.mpma.mp.br\/campanha-contra-drogas\/wp-content\/uploads\/2019\/04\/Fotos-2019-250x250.jpeg\" class=\"attachment-thumbnail size-thumbnail\" alt=\"\" decoding=\"async\" loading=\"lazy\" \/><\/a>\n\t\t\t<\/div><\/figure><figure class='gallery-item'>\n\t\t\t<div class='gallery-icon landscape'>\n\t\t\t\t<a href='https:\/\/apps.mpma.mp.br\/campanha-contra-drogas\/2019\/05\/13\/451\/img-20190430-wa0073\/'><img width=\"250\" height=\"250\" src=\"https:\/\/apps.mpma.mp.br\/campanha-contra-drogas\/wp-content\/uploads\/2019\/05\/IMG-20190430-WA0073-250x250.jpg\" class=\"attachment-thumbnail size-thumbnail\" alt=\"\" decoding=\"async\" loading=\"lazy\" \/><\/a>\n\t\t\t<\/div><\/figure><figure class='gallery-item'>\n\t\t\t<div class='gallery-icon landscape'>\n\t\t\t\t<a href='https:\/\/apps.mpma.mp.br\/campanha-contra-drogas\/2019\/05\/13\/451\/img-20190430-wa0072\/'><img width=\"250\" height=\"250\" src=\"https:\/\/apps.mpma.mp.br\/campanha-contra-drogas\/wp-content\/uploads\/2019\/05\/IMG-20190430-WA0072-250x250.jpg\" class=\"attachment-thumbnail size-thumbnail\" alt=\"\" decoding=\"async\" loading=\"lazy\" \/><\/a>\n\t\t\t<\/div><\/figure><figure class='gallery-item'>\n\t\t\t<div class='gallery-icon landscape'>\n\t\t\t\t<a href='https:\/\/apps.mpma.mp.br\/campanha-contra-drogas\/2019\/05\/13\/451\/img-20190430-wa0071\/'><img width=\"250\" height=\"250\" src=\"https:\/\/apps.mpma.mp.br\/campanha-contra-drogas\/wp-content\/uploads\/2019\/05\/IMG-20190430-WA0071-250x250.jpg\" class=\"attachment-thumbnail size-thumbnail\" alt=\"\" decoding=\"async\" loading=\"lazy\" \/><\/a>\n\t\t\t<\/div><\/figure><figure class='gallery-item'>\n\t\t\t<div class='gallery-icon landscape'>\n\t\t\t\t<a href='https:\/\/apps.mpma.mp.br\/campanha-contra-drogas\/2019\/05\/13\/451\/img-20190430-wa0075\/'><img width=\"250\" height=\"250\" src=\"https:\/\/apps.mpma.mp.br\/campanha-contra-drogas\/wp-content\/uploads\/2019\/05\/IMG-20190430-WA0075-250x250.jpg\" class=\"attachment-thumbnail size-thumbnail\" alt=\"\" decoding=\"async\" loading=\"lazy\" \/><\/a>\n\t\t\t<\/div><\/figure><figure class='gallery-item'>\n\t\t\t<div class='gallery-icon landscape'>\n\t\t\t\t<a href='https:\/\/apps.mpma.mp.br\/campanha-contra-drogas\/2019\/05\/13\/451\/img-20190430-wa0077\/'><img width=\"250\" height=\"250\" src=\"https:\/\/apps.mpma.mp.br\/campanha-contra-drogas\/wp-content\/uploads\/2019\/05\/IMG-20190430-WA0077-250x250.jpg\" class=\"attachment-thumbnail size-thumbnail\" alt=\"\" decoding=\"async\" loading=\"lazy\" \/><\/a>\n\t\t\t<\/div><\/figure><figure class='gallery-item'>\n\t\t\t<div class='gallery-icon landscape'>\n\t\t\t\t<a href='https:\/\/apps.mpma.mp.br\/campanha-contra-drogas\/2019\/05\/13\/451\/img-20190430-wa0086\/'><img width=\"250\" height=\"250\" src=\"https:\/\/apps.mpma.mp.br\/campanha-contra-drogas\/wp-content\/uploads\/2019\/05\/IMG-20190430-WA0086-250x250.jpg\" class=\"attachment-thumbnail size-thumbnail\" alt=\"\" decoding=\"async\" loading=\"lazy\" \/><\/a>\n\t\t\t<\/div><\/figure><figure class='gallery-item'>\n\t\t\t<div class='gallery-icon landscape'>\n\t\t\t\t<a href='https:\/\/apps.mpma.mp.br\/campanha-contra-drogas\/2016\/11\/23\/nova-edicao-da-campanha-de-prevencao-as-drogas-em-2016\/attachment\/114\/'><img width=\"150\" height=\"150\" src=\"https:\/\/apps.mpma.mp.br\/campanha-contra-drogas\/wp-content\/uploads\/2016\/11\/unnamed-file-2-150x150.jpg\" class=\"attachment-thumbnail size-thumbnail\" alt=\"\" decoding=\"async\" loading=\"lazy\" aria-describedby=\"gallery-1-114\" \/><\/a>\n\t\t\t<\/div>\n\t\t\t\t<figcaption class='wp-caption-text gallery-caption' id='gallery-1-114'>\n\t\t\t\tAUTORIDADES PRESENTES NO EVENTO\n\t\t\t\t<\/figcaption><\/figure><figure class='gallery-item'>\n\t\t\t<div class='gallery-icon landscape'>\n\t\t\t\t<a href='https:\/\/apps.mpma.mp.br\/campanha-contra-drogas\/2017\/01\/25\/campanha-quem-escolhe-o-seu-caminho-voce-ou-as-drogas-encerra-atividades-de-2016\/encerramento-2016jpg\/'><img width=\"250\" height=\"250\" src=\"https:\/\/apps.mpma.mp.br\/campanha-contra-drogas\/wp-content\/uploads\/2017\/01\/Encerramento.-2016jpg...-250x250.jpg\" class=\"attachment-thumbnail size-thumbnail\" alt=\"\" decoding=\"async\" loading=\"lazy\" \/><\/a>\n\t\t\t<\/div><\/figure><figure class='gallery-item'>\n\t\t\t<div class='gallery-icon landscape'>\n\t\t\t\t<a href='https:\/\/apps.mpma.mp.br\/campanha-contra-drogas\/2016\/11\/23\/nova-edicao-da-campanha-de-prevencao-as-drogas-em-2016\/attachment\/113\/'><img width=\"150\" height=\"150\" src=\"https:\/\/apps.mpma.mp.br\/campanha-contra-drogas\/wp-content\/uploads\/2016\/11\/unnamed-file-1-150x150.jpg\" class=\"attachment-thumbnail size-thumbnail\" alt=\"\" decoding=\"async\" loading=\"lazy\" aria-describedby=\"gallery-1-113\" \/><\/a>\n\t\t\t<\/div>\n\t\t\t\t<figcaption class='wp-caption-text gallery-caption' id='gallery-1-113'>\n\t\t\t\tPROMOTORA DE JUSTI\u00c7A CRISTIANE LAGO &#8211; IDEALIZADORA DO PROJETO\n\t\t\t\t<\/figcaption><\/figure><figure class='gallery-item'>\n\t\t\t<div class='gallery-icon landscape'>\n\t\t\t\t<a href='https:\/\/apps.mpma.mp.br\/campanha-contra-drogas\/2016\/11\/23\/nova-edicao-da-campanha-de-prevencao-as-drogas-em-2016\/attachment\/112\/'><img width=\"150\" height=\"150\" src=\"https:\/\/apps.mpma.mp.br\/campanha-contra-drogas\/wp-content\/uploads\/2016\/11\/unnamed-file-150x150.jpg\" class=\"attachment-thumbnail size-thumbnail\" alt=\"\" decoding=\"async\" loading=\"lazy\" aria-describedby=\"gallery-1-112\" \/><\/a>\n\t\t\t<\/div>\n\t\t\t\t<figcaption class='wp-caption-text gallery-caption' id='gallery-1-112'>\n\t\t\t\tREPRESENTANTES DAS ESCOLAS PARTICIPANTES\n\t\t\t\t<\/figcaption><\/figure><figure class='gallery-item'>\n\t\t\t<div class='gallery-icon landscape'>\n\t\t\t\t<a href='https:\/\/apps.mpma.mp.br\/campanha-contra-drogas\/campanha\/img-20160826-wa0035\/'><img width=\"150\" height=\"150\" src=\"https:\/\/apps.mpma.mp.br\/campanha-contra-drogas\/wp-content\/uploads\/2016\/09\/IMG-20160826-WA0035-150x150.jpg\" class=\"attachment-thumbnail size-thumbnail\" alt=\"\" decoding=\"async\" loading=\"lazy\" \/><\/a>\n\t\t\t<\/div><\/figure><figure class='gallery-item'>\n\t\t\t<div class='gallery-icon landscape'>\n\t\t\t\t<a href='https:\/\/apps.mpma.mp.br\/campanha-contra-drogas\/campanha\/attachment\/48\/'><img width=\"150\" height=\"150\" src=\"https:\/\/apps.mpma.mp.br\/campanha-contra-drogas\/wp-content\/uploads\/2016\/09\/unnamed-file-1-150x150.jpg\" class=\"attachment-thumbnail size-thumbnail\" alt=\"\" decoding=\"async\" loading=\"lazy\" \/><\/a>\n\t\t\t<\/div><\/figure><figure class='gallery-item'>\n\t\t\t<div class='gallery-icon landscape'>\n\t\t\t\t<a href='https:\/\/apps.mpma.mp.br\/campanha-contra-drogas\/campanha\/attachment\/56\/'><img width=\"150\" height=\"150\" src=\"https:\/\/apps.mpma.mp.br\/campanha-contra-drogas\/wp-content\/uploads\/2016\/09\/unnamed-file-8-150x150.jpg\" class=\"attachment-thumbnail size-thumbnail\" alt=\"\" decoding=\"async\" loading=\"lazy\" \/><\/a>\n\t\t\t<\/div><\/figure><figure class='gallery-item'>\n\t\t\t<div class='gallery-icon landscape'>\n\t\t\t\t<a href='https:\/\/apps.mpma.mp.br\/campanha-contra-drogas\/campanha\/attachment\/50\/'><img width=\"150\" height=\"150\" src=\"https:\/\/apps.mpma.mp.br\/campanha-contra-drogas\/wp-content\/uploads\/2016\/09\/unnamed-file-3-150x150.jpg\" class=\"attachment-thumbnail size-thumbnail\" alt=\"\" decoding=\"async\" loading=\"lazy\" \/><\/a>\n\t\t\t<\/div><\/figure><figure class='gallery-item'>\n\t\t\t<div class='gallery-icon landscape'>\n\t\t\t\t<a href='https:\/\/apps.mpma.mp.br\/campanha-contra-drogas\/campanha\/attachment\/52\/'><img width=\"150\" height=\"150\" src=\"https:\/\/apps.mpma.mp.br\/campanha-contra-drogas\/wp-content\/uploads\/2016\/09\/unnamed-file-5-150x150.jpg\" class=\"attachment-thumbnail size-thumbnail\" alt=\"\" decoding=\"async\" loading=\"lazy\" \/><\/a>\n\t\t\t<\/div><\/figure><figure class='gallery-item'>\n\t\t\t<div class='gallery-icon portrait'>\n\t\t\t\t<a href='https:\/\/apps.mpma.mp.br\/campanha-contra-drogas\/campanha\/attachment\/51\/'><img width=\"150\" height=\"150\" src=\"https:\/\/apps.mpma.mp.br\/campanha-contra-drogas\/wp-content\/uploads\/2016\/09\/unnamed-file-4-150x150.jpg\" class=\"attachment-thumbnail size-thumbnail\" alt=\"\" decoding=\"async\" loading=\"lazy\" \/><\/a>\n\t\t\t<\/div><\/figure><figure class='gallery-item'>\n\t\t\t<div class='gallery-icon portrait'>\n\t\t\t\t<a href='https:\/\/apps.mpma.mp.br\/campanha-contra-drogas\/campanha\/attachment\/53\/'><img width=\"150\" height=\"150\" src=\"https:\/\/apps.mpma.mp.br\/campanha-contra-drogas\/wp-content\/uploads\/2016\/09\/unnamed-file-6-150x150.jpg\" class=\"attachment-thumbnail size-thumbnail\" alt=\"\" decoding=\"async\" loading=\"lazy\" \/><\/a>\n\t\t\t<\/div><\/figure><figure class='gallery-item'>\n\t\t\t<div class='gallery-icon landscape'>\n\t\t\t\t<a href='https:\/\/apps.mpma.mp.br\/campanha-contra-drogas\/campanha\/attachment\/2\/'><img width=\"150\" height=\"150\" src=\"https:\/\/apps.mpma.mp.br\/campanha-contra-drogas\/wp-content\/uploads\/2016\/09\/2-150x150.jpg\" class=\"attachment-thumbnail size-thumbnail\" alt=\"\" decoding=\"async\" loading=\"lazy\" \/><\/a>\n\t\t\t<\/div><\/figure><figure class='gallery-item'>\n\t\t\t<div class='gallery-icon landscape'>\n\t\t\t\t<a href='https:\/\/apps.mpma.mp.br\/campanha-contra-drogas\/campanha\/img-20160827-wa0014\/'><img width=\"150\" height=\"150\" src=\"https:\/\/apps.mpma.mp.br\/campanha-contra-drogas\/wp-content\/uploads\/2016\/09\/IMG-20160827-WA0014-150x150.jpg\" class=\"attachment-thumbnail size-thumbnail\" alt=\"\" decoding=\"async\" loading=\"lazy\" \/><\/a>\n\t\t\t<\/div><\/figure><figure class='gallery-item'>\n\t\t\t<div class='gallery-icon portrait'>\n\t\t\t\t<a href='https:\/\/apps.mpma.mp.br\/campanha-contra-drogas\/campanha\/img-20160827-wa0015\/'><img width=\"150\" height=\"150\" src=\"https:\/\/apps.mpma.mp.br\/campanha-contra-drogas\/wp-content\/uploads\/2016\/09\/IMG-20160827-WA0015-150x150.jpg\" class=\"attachment-thumbnail size-thumbnail\" alt=\"\" decoding=\"async\" loading=\"lazy\" \/><\/a>\n\t\t\t<\/div><\/figure><figure class='gallery-item'>\n\t\t\t<div class='gallery-icon landscape'>\n\t\t\t\t<a href='https:\/\/apps.mpma.mp.br\/campanha-contra-drogas\/campanha\/img-20160827-wa0017\/'><img width=\"150\" height=\"150\" src=\"https:\/\/apps.mpma.mp.br\/campanha-contra-drogas\/wp-content\/uploads\/2016\/09\/IMG-20160827-WA0017-150x150.jpg\" class=\"attachment-thumbnail size-thumbnail\" alt=\"\" decoding=\"async\" loading=\"lazy\" \/><\/a>\n\t\t\t<\/div><\/figure><figure class='gallery-item'>\n\t\t\t<div class='gallery-icon landscape'>\n\t\t\t\t<a href='https:\/\/apps.mpma.mp.br\/campanha-contra-drogas\/campanha\/img-20160826-wa0028\/'><img width=\"150\" height=\"150\" src=\"https:\/\/apps.mpma.mp.br\/campanha-contra-drogas\/wp-content\/uploads\/2016\/09\/IMG-20160826-WA0028-150x150.jpg\" class=\"attachment-thumbnail size-thumbnail\" alt=\"\" decoding=\"async\" loading=\"lazy\" \/><\/a>\n\t\t\t<\/div><\/figure><figure class='gallery-item'>\n\t\t\t<div class='gallery-icon landscape'>\n\t\t\t\t<a href='https:\/\/apps.mpma.mp.br\/campanha-contra-drogas\/campanha\/attachment\/46\/'><img width=\"150\" height=\"150\" src=\"https:\/\/apps.mpma.mp.br\/campanha-contra-drogas\/wp-content\/uploads\/2016\/09\/unnamed-file-150x150.jpg\" class=\"attachment-thumbnail size-thumbnail\" alt=\"\" decoding=\"async\" loading=\"lazy\" \/><\/a>\n\t\t\t<\/div><\/figure><figure class='gallery-item'>\n\t\t\t<div class='gallery-icon landscape'>\n\t\t\t\t<a href='https:\/\/apps.mpma.mp.br\/campanha-contra-drogas\/campanha\/2-2\/'><img width=\"150\" height=\"150\" src=\"https:\/\/apps.mpma.mp.br\/campanha-contra-drogas\/wp-content\/uploads\/2016\/09\/2-1-150x150.jpg\" class=\"attachment-thumbnail size-thumbnail\" alt=\"\" decoding=\"async\" loading=\"lazy\" \/><\/a>\n\t\t\t<\/div><\/figure><figure class='gallery-item'>\n\t\t\t<div class='gallery-icon landscape'>\n\t\t\t\t<a href='https:\/\/apps.mpma.mp.br\/campanha-contra-drogas\/campanha\/dsc_5529reduz\/'><img width=\"150\" height=\"150\" src=\"https:\/\/apps.mpma.mp.br\/campanha-contra-drogas\/wp-content\/uploads\/2016\/09\/DSC_5529reduz-150x150.jpg\" class=\"attachment-thumbnail size-thumbnail\" alt=\"\" decoding=\"async\" loading=\"lazy\" \/><\/a>\n\t\t\t<\/div><\/figure><figure class='gallery-item'>\n\t\t\t<div class='gallery-icon landscape'>\n\t\t\t\t<a href='https:\/\/apps.mpma.mp.br\/campanha-contra-drogas\/campanha\/cristiane\/'><img width=\"150\" height=\"150\" src=\"https:\/\/apps.mpma.mp.br\/campanha-contra-drogas\/wp-content\/uploads\/2016\/09\/Cristiane-150x150.jpg\" class=\"attachment-thumbnail size-thumbnail\" alt=\"\" decoding=\"async\" loading=\"lazy\" \/><\/a>\n\t\t\t<\/div><\/figure><figure class='gallery-item'>\n\t\t\t<div class='gallery-icon landscape'>\n\t\t\t\t<a href='https:\/\/apps.mpma.mp.br\/campanha-contra-drogas\/campanha\/aluna_reduzida\/'><img width=\"150\" height=\"150\" src=\"https:\/\/apps.mpma.mp.br\/campanha-contra-drogas\/wp-content\/uploads\/2016\/09\/Aluna_reduzida-150x150.jpg\" class=\"attachment-thumbnail size-thumbnail\" alt=\"\" decoding=\"async\" loading=\"lazy\" \/><\/a>\n\t\t\t<\/div><\/figure><figure class='gallery-item'>\n\t\t\t<div class='gallery-icon landscape'>\n\t\t\t\t<a href='https:\/\/apps.mpma.mp.br\/campanha-contra-drogas\/campanha\/dsc_5548reduz\/'><img width=\"150\" height=\"150\" src=\"https:\/\/apps.mpma.mp.br\/campanha-contra-drogas\/wp-content\/uploads\/2016\/09\/DSC_5548reduz-150x150.jpg\" class=\"attachment-thumbnail size-thumbnail\" alt=\"\" decoding=\"async\" loading=\"lazy\" \/><\/a>\n\t\t\t<\/div><\/figure><figure class='gallery-item'>\n\t\t\t<div class='gallery-icon landscape'>\n\t\t\t\t<a href='https:\/\/apps.mpma.mp.br\/campanha-contra-drogas\/campanha\/dsc_8504\/'><img width=\"150\" height=\"150\" src=\"https:\/\/apps.mpma.mp.br\/campanha-contra-drogas\/wp-content\/uploads\/2016\/09\/DSC_8504-150x150.jpg\" class=\"attachment-thumbnail size-thumbnail\" alt=\"\" decoding=\"async\" loading=\"lazy\" \/><\/a>\n\t\t\t<\/div><\/figure><figure class='gallery-item'>\n\t\t\t<div class='gallery-icon landscape'>\n\t\t\t\t<a href='https:\/\/apps.mpma.mp.br\/campanha-contra-drogas\/campanha\/dsc_8540\/'><img width=\"150\" height=\"150\" src=\"https:\/\/apps.mpma.mp.br\/campanha-contra-drogas\/wp-content\/uploads\/2016\/09\/DSC_8540-150x150.jpg\" class=\"attachment-thumbnail size-thumbnail\" alt=\"\" decoding=\"async\" loading=\"lazy\" \/><\/a>\n\t\t\t<\/div><\/figure><figure class='gallery-item'>\n\t\t\t<div class='gallery-icon landscape'>\n\t\t\t\t<a href='https:\/\/apps.mpma.mp.br\/campanha-contra-drogas\/campanha\/escolhida_drogas_23\/'><img width=\"150\" height=\"150\" src=\"https:\/\/apps.mpma.mp.br\/campanha-contra-drogas\/wp-content\/uploads\/2016\/09\/escolhida_drogas_23-150x150.jpg\" class=\"attachment-thumbnail size-thumbnail\" alt=\"\" decoding=\"async\" loading=\"lazy\" \/><\/a>\n\t\t\t<\/div><\/figure><figure class='gallery-item'>\n\t\t\t<div class='gallery-icon landscape'>\n\t\t\t\t<a href='https:\/\/apps.mpma.mp.br\/campanha-contra-drogas\/campanha\/escolhida_drogas_2323\/'><img width=\"150\" height=\"150\" src=\"https:\/\/apps.mpma.mp.br\/campanha-contra-drogas\/wp-content\/uploads\/2016\/09\/escolhida_drogas_2323-150x150.jpg\" class=\"attachment-thumbnail size-thumbnail\" alt=\"\" decoding=\"async\" loading=\"lazy\" \/><\/a>\n\t\t\t<\/div><\/figure><figure class='gallery-item'>\n\t\t\t<div class='gallery-icon portrait'>\n\t\t\t\t<a href='https:\/\/apps.mpma.mp.br\/campanha-contra-drogas\/campanha\/img-20160929-wa0082\/'><img width=\"150\" height=\"150\" src=\"https:\/\/apps.mpma.mp.br\/campanha-contra-drogas\/wp-content\/uploads\/2016\/09\/IMG-20160929-WA0082-150x150.jpg\" class=\"attachment-thumbnail size-thumbnail\" alt=\"\" decoding=\"async\" loading=\"lazy\" \/><\/a>\n\t\t\t<\/div><\/figure><figure class='gallery-item'>\n\t\t\t<div class='gallery-icon landscape'>\n\t\t\t\t<a href='https:\/\/apps.mpma.mp.br\/campanha-contra-drogas\/campanha\/img-20161013-wa0010\/'><img width=\"150\" height=\"150\" src=\"https:\/\/apps.mpma.mp.br\/campanha-contra-drogas\/wp-content\/uploads\/2016\/09\/IMG-20161013-WA0010-150x150.jpg\" class=\"attachment-thumbnail size-thumbnail\" alt=\"\" decoding=\"async\" loading=\"lazy\" \/><\/a>\n\t\t\t<\/div><\/figure><figure class='gallery-item'>\n\t\t\t<div class='gallery-icon landscape'>\n\t\t\t\t<a href='https:\/\/apps.mpma.mp.br\/campanha-contra-drogas\/campanha\/img-20161013-wa0011\/'><img width=\"150\" height=\"150\" src=\"https:\/\/apps.mpma.mp.br\/campanha-contra-drogas\/wp-content\/uploads\/2016\/09\/IMG-20161013-WA0011-150x150.jpg\" class=\"attachment-thumbnail size-thumbnail\" alt=\"\" decoding=\"async\" loading=\"lazy\" \/><\/a>\n\t\t\t<\/div><\/figure><figure class='gallery-item'>\n\t\t\t<div class='gallery-icon landscape'>\n\t\t\t\t<a href='https:\/\/apps.mpma.mp.br\/campanha-contra-drogas\/campanha\/img-20161021-wa0051\/'><img width=\"150\" height=\"150\" src=\"https:\/\/apps.mpma.mp.br\/campanha-contra-drogas\/wp-content\/uploads\/2016\/09\/IMG-20161021-WA0051-150x150.jpg\" class=\"attachment-thumbnail size-thumbnail\" alt=\"\" decoding=\"async\" loading=\"lazy\" \/><\/a>\n\t\t\t<\/div><\/figure><figure class='gallery-item'>\n\t\t\t<div class='gallery-icon landscape'>\n\t\t\t\t<a href='https:\/\/apps.mpma.mp.br\/campanha-contra-drogas\/campanha\/img-20161021-wa0056\/'><img width=\"150\" height=\"150\" src=\"https:\/\/apps.mpma.mp.br\/campanha-contra-drogas\/wp-content\/uploads\/2016\/09\/IMG-20161021-WA0056-150x150.jpg\" class=\"attachment-thumbnail size-thumbnail\" alt=\"\" decoding=\"async\" loading=\"lazy\" \/><\/a>\n\t\t\t<\/div><\/figure><figure class='gallery-item'>\n\t\t\t<div class='gallery-icon landscape'>\n\t\t\t\t<a href='https:\/\/apps.mpma.mp.br\/campanha-contra-drogas\/campanha\/img-20161021-wa0057\/'><img width=\"150\" height=\"150\" src=\"https:\/\/apps.mpma.mp.br\/campanha-contra-drogas\/wp-content\/uploads\/2016\/09\/IMG-20161021-WA0057-150x150.jpg\" class=\"attachment-thumbnail size-thumbnail\" alt=\"\" decoding=\"async\" loading=\"lazy\" \/><\/a>\n\t\t\t<\/div><\/figure><figure class='gallery-item'>\n\t\t\t<div class='gallery-icon landscape'>\n\t\t\t\t<a href='https:\/\/apps.mpma.mp.br\/campanha-contra-drogas\/campanha\/img-20161021-wa0058\/'><img width=\"150\" height=\"150\" src=\"https:\/\/apps.mpma.mp.br\/campanha-contra-drogas\/wp-content\/uploads\/2016\/09\/IMG-20161021-WA0058-150x150.jpg\" class=\"attachment-thumbnail size-thumbnail\" alt=\"\" decoding=\"async\" loading=\"lazy\" \/><\/a>\n\t\t\t<\/div><\/figure><figure class='gallery-item'>\n\t\t\t<div class='gallery-icon landscape'>\n\t\t\t\t<a href='https:\/\/apps.mpma.mp.br\/campanha-contra-drogas\/campanha\/novo-1\/'><img width=\"150\" height=\"150\" src=\"https:\/\/apps.mpma.mp.br\/campanha-contra-drogas\/wp-content\/uploads\/2016\/09\/novo-1-150x150.jpg\" class=\"attachment-thumbnail size-thumbnail\" alt=\"\" decoding=\"async\" loading=\"lazy\" \/><\/a>\n\t\t\t<\/div><\/figure><figure class='gallery-item'>\n\t\t\t<div class='gallery-icon landscape'>\n\t\t\t\t<a href='https:\/\/apps.mpma.mp.br\/campanha-contra-drogas\/campanha\/palestra_campanha_drogas_1\/'><img width=\"150\" height=\"150\" src=\"https:\/\/apps.mpma.mp.br\/campanha-contra-drogas\/wp-content\/uploads\/2016\/09\/Palestra_Campanha_Drogas_1-150x150.jpg\" class=\"attachment-thumbnail size-thumbnail\" alt=\"\" decoding=\"async\" loading=\"lazy\" \/><\/a>\n\t\t\t<\/div><\/figure><figure class='gallery-item'>\n\t\t\t<div class='gallery-icon landscape'>\n\t\t\t\t<a href='https:\/\/apps.mpma.mp.br\/campanha-contra-drogas\/campanha\/palestra_drogas_02\/'><img width=\"150\" height=\"150\" src=\"https:\/\/apps.mpma.mp.br\/campanha-contra-drogas\/wp-content\/uploads\/2016\/09\/Palestra_drogas_02-150x150.jpg\" class=\"attachment-thumbnail size-thumbnail\" alt=\"\" decoding=\"async\" loading=\"lazy\" \/><\/a>\n\t\t\t<\/div><\/figure><figure class='gallery-item'>\n\t\t\t<div class='gallery-icon landscape'>\n\t\t\t\t<a href='https:\/\/apps.mpma.mp.br\/campanha-contra-drogas\/2017\/08\/17\/posse-dos-membros-do-comite-estadual-de-politicas-sobre-drogas\/foto_posse_conselheiros\/'><img width=\"250\" height=\"250\" src=\"https:\/\/apps.mpma.mp.br\/campanha-contra-drogas\/wp-content\/uploads\/2017\/08\/Foto_Posse_Conselheiros-250x250.jpg\" class=\"attachment-thumbnail size-thumbnail\" alt=\"\" decoding=\"async\" loading=\"lazy\" aria-describedby=\"gallery-1-197\" \/><\/a>\n\t\t\t<\/div>\n\t\t\t\t<figcaption class='wp-caption-text gallery-caption' id='gallery-1-197'>\n\t\t\t\tPOSSE DOS CONSELHEIROS DO COMIT\u00ca ESTADUAL DE POL\u00cdTICAS SOBRE DROGAS\n\t\t\t\t<\/figcaption><\/figure><figure class='gallery-item'>\n\t\t\t<div class='gallery-icon landscape'>\n\t\t\t\t<a href='https:\/\/apps.mpma.mp.br\/campanha-contra-drogas\/2017\/08\/25\/projeto-quem-escolhe-o-seu-caminho-voce-ou-as-drogas-na-area-itaqui-bacanga-sao-luisma\/img-20170818-wa0038\/'><img width=\"250\" height=\"250\" src=\"https:\/\/apps.mpma.mp.br\/campanha-contra-drogas\/wp-content\/uploads\/2017\/08\/IMG-20170818-WA0038-250x250.jpg\" class=\"attachment-thumbnail size-thumbnail\" alt=\"\" decoding=\"async\" loading=\"lazy\" aria-describedby=\"gallery-1-216\" \/><\/a>\n\t\t\t<\/div>\n\t\t\t\t<figcaption class='wp-caption-text gallery-caption' id='gallery-1-216'>\n\t\t\t\tORGANIZADORES DO PROJETO, PROFISSIONAIS DA EDUCA\u00c7\u00c3O E  CONSELHEIROS DE POL\u00cdTICAS SOBRE DROGAS\n\t\t\t\t<\/figcaption><\/figure><figure class='gallery-item'>\n\t\t\t<div class='gallery-icon landscape'>\n\t\t\t\t<a href='https:\/\/apps.mpma.mp.br\/campanha-contra-drogas\/2017\/08\/17\/mais-um-belo-evento-da-campanha-realizado-no-memorial-do-ministerio-publico-do-maranhao\/palestra-memorial-2017-2\/'><img width=\"250\" height=\"250\" src=\"https:\/\/apps.mpma.mp.br\/campanha-contra-drogas\/wp-content\/uploads\/2017\/08\/palestra-memorial-2017.2-250x250.jpg\" class=\"attachment-thumbnail size-thumbnail\" alt=\"\" decoding=\"async\" loading=\"lazy\" aria-describedby=\"gallery-1-200\" \/><\/a>\n\t\t\t<\/div>\n\t\t\t\t<figcaption class='wp-caption-text gallery-caption' id='gallery-1-200'>\n\t\t\t\tEVENTO &#8211; MEMORIAL DO MINIST\u00c9RIO P\u00daBLICO DO MARANH\u00c3O &#8211; 2017\n\t\t\t\t<\/figcaption><\/figure><figure class='gallery-item'>\n\t\t\t<div class='gallery-icon landscape'>\n\t\t\t\t<a href='https:\/\/apps.mpma.mp.br\/campanha-contra-drogas\/2017\/05\/10\/lancamento-da-campanha-em-2017\/img-20170426-wa00091\/'><img width=\"250\" height=\"250\" src=\"https:\/\/apps.mpma.mp.br\/campanha-contra-drogas\/wp-content\/uploads\/2017\/05\/IMG-20170426-WA00091-250x250.jpg\" class=\"attachment-thumbnail size-thumbnail\" alt=\"\" decoding=\"async\" loading=\"lazy\" aria-describedby=\"gallery-1-157\" \/><\/a>\n\t\t\t<\/div>\n\t\t\t\t<figcaption class='wp-caption-text gallery-caption' id='gallery-1-157'>\n\t\t\t\tMinist\u00e9rio P\u00fablico, Ronda Escolar da Pol\u00edcia Militar e Escolas do Maranh\u00e3o, todos no combate \u00e0s drogas.\n\t\t\t\t<\/figcaption><\/figure><figure class='gallery-item'>\n\t\t\t<div class='gallery-icon landscape'>\n\t\t\t\t<a href='https:\/\/apps.mpma.mp.br\/campanha-contra-drogas\/2017\/02\/08\/relembrando-encerramento-da-campanha-no-ano-de-2015\/dsc_5545reduz\/'><img width=\"250\" height=\"250\" src=\"https:\/\/apps.mpma.mp.br\/campanha-contra-drogas\/wp-content\/uploads\/2017\/02\/DSC_5545reduz-250x250.jpg\" class=\"attachment-thumbnail size-thumbnail\" alt=\"\" decoding=\"async\" loading=\"lazy\" aria-describedby=\"gallery-1-148\" \/><\/a>\n\t\t\t<\/div>\n\t\t\t\t<figcaption class='wp-caption-text gallery-caption' id='gallery-1-148'>\n\t\t\t\tVencedores do concurso de desenho apresentaram seus trabalhos no encerramento da campanha\n\t\t\t\t<\/figcaption><\/figure><figure class='gallery-item'>\n\t\t\t<div class='gallery-icon landscape'>\n\t\t\t\t<a href='https:\/\/apps.mpma.mp.br\/campanha-contra-drogas\/2017\/02\/08\/relembrando-encerramento-da-campanha-no-ano-de-2015\/dsc_5465reduz\/'><img width=\"250\" height=\"250\" src=\"https:\/\/apps.mpma.mp.br\/campanha-contra-drogas\/wp-content\/uploads\/2017\/02\/DSC_5465reduz-250x250.jpg\" class=\"attachment-thumbnail size-thumbnail\" alt=\"\" decoding=\"async\" loading=\"lazy\" aria-describedby=\"gallery-1-143\" \/><\/a>\n\t\t\t<\/div>\n\t\t\t\t<figcaption class='wp-caption-text gallery-caption' id='gallery-1-143'>\n\t\t\t\tBanda de M\u00fasica do Bom Menino das Merc\u00eas participou do evento\n\t\t\t\t<\/figcaption><\/figure><figure class='gallery-item'>\n\t\t\t<div class='gallery-icon landscape'>\n\t\t\t\t<a href='https:\/\/apps.mpma.mp.br\/campanha-contra-drogas\/2017\/05\/10\/lancamento-da-campanha-em-2017\/img-20170426-wa00111\/'><img width=\"250\" height=\"250\" src=\"https:\/\/apps.mpma.mp.br\/campanha-contra-drogas\/wp-content\/uploads\/2017\/05\/IMG-20170426-WA00111-250x250.jpg\" class=\"attachment-thumbnail size-thumbnail\" alt=\"\" decoding=\"async\" loading=\"lazy\" aria-describedby=\"gallery-1-159\" \/><\/a>\n\t\t\t<\/div>\n\t\t\t\t<figcaption class='wp-caption-text gallery-caption' id='gallery-1-159'>\n\t\t\t\tAlunos, Professores, Surpevisores, Gestores e Cidad\u00e3os, todos no combate \u00e0s drogas.\n\t\t\t\t<\/figcaption><\/figure><figure class='gallery-item'>\n\t\t\t<div class='gallery-icon landscape'>\n\t\t\t\t<a href='https:\/\/apps.mpma.mp.br\/campanha-contra-drogas\/2017\/06\/27\/i-encontro-de-conselhos-escolares-sobre-drogas-do-estado-do-maranhao\/img-20170627-wa0011\/'><img width=\"250\" height=\"250\" src=\"https:\/\/apps.mpma.mp.br\/campanha-contra-drogas\/wp-content\/uploads\/2017\/06\/IMG-20170627-WA0011-250x250.jpg\" class=\"attachment-thumbnail size-thumbnail\" alt=\"\" decoding=\"async\" loading=\"lazy\" aria-describedby=\"gallery-1-179\" \/><\/a>\n\t\t\t<\/div>\n\t\t\t\t<figcaption class='wp-caption-text gallery-caption' id='gallery-1-179'>\n\t\t\t\tSELO: ESCOLA CONSCIENTE\n\t\t\t\t<\/figcaption><\/figure><figure class='gallery-item'>\n\t\t\t<div class='gallery-icon landscape'>\n\t\t\t\t<a href='https:\/\/apps.mpma.mp.br\/campanha-contra-drogas\/2016\/11\/23\/palestra-ministrada-no-memorial-do-ministerio-publico-do-maranhao\/attachment\/117\/'><img width=\"150\" height=\"150\" src=\"https:\/\/apps.mpma.mp.br\/campanha-contra-drogas\/wp-content\/uploads\/2016\/11\/unnamed-file-3-150x150.jpg\" class=\"attachment-thumbnail size-thumbnail\" alt=\"\" decoding=\"async\" loading=\"lazy\" \/><\/a>\n\t\t\t<\/div><\/figure><figure class='gallery-item'>\n\t\t\t<div class='gallery-icon landscape'>\n\t\t\t\t<a href='https:\/\/apps.mpma.mp.br\/campanha-contra-drogas\/campanha\/img-20161021-wa0042\/'><img width=\"150\" height=\"150\" src=\"https:\/\/apps.mpma.mp.br\/campanha-contra-drogas\/wp-content\/uploads\/2016\/09\/IMG-20161021-WA0042-150x150.jpg\" class=\"attachment-thumbnail size-thumbnail\" alt=\"\" decoding=\"async\" loading=\"lazy\" \/><\/a>\n\t\t\t<\/div><\/figure><figure class='gallery-item'>\n\t\t\t<div class='gallery-icon landscape'>\n\t\t\t\t<a href='https:\/\/apps.mpma.mp.br\/campanha-contra-drogas\/2016\/10\/05\/realizacao-da-campanha-no-municipio-de-acailandiama\/img_0677\/'><img width=\"150\" height=\"150\" src=\"https:\/\/apps.mpma.mp.br\/campanha-contra-drogas\/wp-content\/uploads\/2016\/10\/IMG_0677-150x150.jpg\" class=\"attachment-thumbnail size-thumbnail\" alt=\"\" decoding=\"async\" loading=\"lazy\" \/><\/a>\n\t\t\t<\/div><\/figure><figure class='gallery-item'>\n\t\t\t<div class='gallery-icon landscape'>\n\t\t\t\t<a href='https:\/\/apps.mpma.mp.br\/campanha-contra-drogas\/2016\/10\/05\/realizacao-da-campanha-no-municipio-de-acailandiama\/img_0674\/'><img width=\"150\" height=\"150\" src=\"https:\/\/apps.mpma.mp.br\/campanha-contra-drogas\/wp-content\/uploads\/2016\/10\/IMG_0674-150x150.jpg\" class=\"attachment-thumbnail size-thumbnail\" alt=\"\" decoding=\"async\" loading=\"lazy\" \/><\/a>\n\t\t\t<\/div><\/figure><figure class='gallery-item'>\n\t\t\t<div class='gallery-icon landscape'>\n\t\t\t\t<a href='https:\/\/apps.mpma.mp.br\/campanha-contra-drogas\/2016\/10\/05\/realizacao-da-campanha-no-municipio-de-acailandiama\/20160610_115531\/'><img width=\"150\" height=\"150\" src=\"https:\/\/apps.mpma.mp.br\/campanha-contra-drogas\/wp-content\/uploads\/2016\/10\/20160610_115531-150x150.jpg\" class=\"attachment-thumbnail size-thumbnail\" alt=\"\" decoding=\"async\" loading=\"lazy\" \/><\/a>\n\t\t\t<\/div><\/figure><figure class='gallery-item'>\n\t\t\t<div class='gallery-icon landscape'>\n\t\t\t\t<a href='https:\/\/apps.mpma.mp.br\/campanha-contra-drogas\/2016\/10\/05\/realizacao-da-campanha-no-municipio-de-acailandiama\/20160608_151352\/'><img width=\"150\" height=\"150\" src=\"https:\/\/apps.mpma.mp.br\/campanha-contra-drogas\/wp-content\/uploads\/2016\/10\/20160608_151352-150x150.jpg\" class=\"attachment-thumbnail size-thumbnail\" alt=\"\" decoding=\"async\" loading=\"lazy\" \/><\/a>\n\t\t\t<\/div><\/figure><figure class='gallery-item'>\n\t\t\t<div class='gallery-icon portrait'>\n\t\t\t\t<a href='https:\/\/apps.mpma.mp.br\/campanha-contra-drogas\/campanha\/img-20160723-wa0017-11\/'><img width=\"250\" height=\"250\" src=\"https:\/\/apps.mpma.mp.br\/campanha-contra-drogas\/wp-content\/uploads\/2016\/09\/IMG-20160723-WA0017-11-250x250.jpg\" class=\"attachment-thumbnail size-thumbnail\" alt=\"\" decoding=\"async\" loading=\"lazy\" aria-describedby=\"gallery-1-223\" \/><\/a>\n\t\t\t<\/div>\n\t\t\t\t<figcaption class='wp-caption-text gallery-caption' id='gallery-1-223'>\n\t\t\t\tAPRESENTA\u00c7\u00c3O AO PR\u00caMIO INNOVARE\n\t\t\t\t<\/figcaption><\/figure><figure class='gallery-item'>\n\t\t\t<div class='gallery-icon landscape'>\n\t\t\t\t<a href='https:\/\/apps.mpma.mp.br\/campanha-contra-drogas\/campanha\/2-3\/'><img width=\"250\" height=\"250\" src=\"https:\/\/apps.mpma.mp.br\/campanha-contra-drogas\/wp-content\/uploads\/2016\/09\/2-2-250x250.jpg\" class=\"attachment-thumbnail size-thumbnail\" alt=\"\" decoding=\"async\" loading=\"lazy\" \/><\/a>\n\t\t\t<\/div><\/figure><figure class='gallery-item'>\n\t\t\t<div class='gallery-icon landscape'>\n\t\t\t\t<a href='https:\/\/apps.mpma.mp.br\/campanha-contra-drogas\/campanha\/img-20160825-wa0009\/'><img width=\"250\" height=\"250\" src=\"https:\/\/apps.mpma.mp.br\/campanha-contra-drogas\/wp-content\/uploads\/2016\/09\/IMG-20160825-WA0009-250x250.jpg\" class=\"attachment-thumbnail size-thumbnail\" alt=\"\" decoding=\"async\" loading=\"lazy\" \/><\/a>\n\t\t\t<\/div><\/figure><figure class='gallery-item'>\n\t\t\t<div class='gallery-icon landscape'>\n\t\t\t\t<a href='https:\/\/apps.mpma.mp.br\/campanha-contra-drogas\/2017\/12\/01\/quem-escolhe-o-seu-caminho-voce-ou-as-drogas-projeto-encerra-suas-atividades-em-2017\/img-20171201-wa00101\/'><img width=\"250\" height=\"250\" src=\"https:\/\/apps.mpma.mp.br\/campanha-contra-drogas\/wp-content\/uploads\/2017\/12\/IMG-20171201-WA00101-250x250.jpg\" class=\"attachment-thumbnail size-thumbnail\" alt=\"\" decoding=\"async\" loading=\"lazy\" aria-describedby=\"gallery-1-293\" \/><\/a>\n\t\t\t<\/div>\n\t\t\t\t<figcaption class='wp-caption-text gallery-caption' id='gallery-1-293'>\n\t\t\t\tPASSEIO AO F\u00d3RUM DE JUSTI\u00c7A\n\t\t\t\t<\/figcaption><\/figure><figure class='gallery-item'>\n\t\t\t<div class='gallery-icon landscape'>\n\t\t\t\t<a href='https:\/\/apps.mpma.mp.br\/campanha-contra-drogas\/2017\/12\/01\/quem-escolhe-o-seu-caminho-voce-ou-as-drogas-projeto-encerra-suas-atividades-em-2017\/img-20171201-wa00071\/'><img width=\"250\" height=\"250\" src=\"https:\/\/apps.mpma.mp.br\/campanha-contra-drogas\/wp-content\/uploads\/2017\/12\/IMG-20171201-WA00071-250x250.jpg\" class=\"attachment-thumbnail size-thumbnail\" alt=\"\" decoding=\"async\" loading=\"lazy\" aria-describedby=\"gallery-1-292\" \/><\/a>\n\t\t\t<\/div>\n\t\t\t\t<figcaption class='wp-caption-text gallery-caption' id='gallery-1-292'>\n\t\t\t\tPASSEIO AO F\u00d3RUM DE JUSTI\u00c7A\n\t\t\t\t<\/figcaption><\/figure><figure class='gallery-item'>\n\t\t\t<div class='gallery-icon landscape'>\n\t\t\t\t<a href='https:\/\/apps.mpma.mp.br\/campanha-contra-drogas\/2017\/12\/01\/quem-escolhe-o-seu-caminho-voce-ou-as-drogas-projeto-encerra-suas-atividades-em-2017\/img-20171201-wa00081\/'><img width=\"250\" height=\"250\" src=\"https:\/\/apps.mpma.mp.br\/campanha-contra-drogas\/wp-content\/uploads\/2017\/12\/IMG-20171201-WA00081-250x250.jpg\" class=\"attachment-thumbnail size-thumbnail\" alt=\"\" decoding=\"async\" loading=\"lazy\" aria-describedby=\"gallery-1-291\" \/><\/a>\n\t\t\t<\/div>\n\t\t\t\t<figcaption class='wp-caption-text gallery-caption' id='gallery-1-291'>\n\t\t\t\tPASSEIO AO F\u00d3RUM DE JUSTI\u00c7A\n\t\t\t\t<\/figcaption><\/figure><figure class='gallery-item'>\n\t\t\t<div class='gallery-icon landscape'>\n\t\t\t\t<a href='https:\/\/apps.mpma.mp.br\/campanha-contra-drogas\/2017\/12\/01\/quem-escolhe-o-seu-caminho-voce-ou-as-drogas-projeto-encerra-suas-atividades-em-2017\/img-20171201-wa00021\/'><img width=\"250\" height=\"250\" src=\"https:\/\/apps.mpma.mp.br\/campanha-contra-drogas\/wp-content\/uploads\/2017\/12\/IMG-20171201-WA00021-250x250.jpg\" class=\"attachment-thumbnail size-thumbnail\" alt=\"\" decoding=\"async\" loading=\"lazy\" aria-describedby=\"gallery-1-290\" \/><\/a>\n\t\t\t<\/div>\n\t\t\t\t<figcaption class='wp-caption-text gallery-caption' id='gallery-1-290'>\n\t\t\t\tPASSEIO AO F\u00d3RUM DE JUSTI\u00c7A\n\t\t\t\t<\/figcaption><\/figure><figure class='gallery-item'>\n\t\t\t<div class='gallery-icon landscape'>\n\t\t\t\t<a href='https:\/\/apps.mpma.mp.br\/campanha-contra-drogas\/2017\/12\/01\/quem-escolhe-o-seu-caminho-voce-ou-as-drogas-projeto-encerra-suas-atividades-em-2017\/img-20171201-wa00131\/'><img width=\"250\" height=\"250\" src=\"https:\/\/apps.mpma.mp.br\/campanha-contra-drogas\/wp-content\/uploads\/2017\/12\/IMG-20171201-WA00131-250x250.jpg\" class=\"attachment-thumbnail size-thumbnail\" alt=\"\" decoding=\"async\" loading=\"lazy\" aria-describedby=\"gallery-1-289\" \/><\/a>\n\t\t\t<\/div>\n\t\t\t\t<figcaption class='wp-caption-text gallery-caption' id='gallery-1-289'>\n\t\t\t\tPASSEIO AO F\u00d3RUM DE JUSTI\u00c7A\n\t\t\t\t<\/figcaption><\/figure><figure class='gallery-item'>\n\t\t\t<div class='gallery-icon landscape'>\n\t\t\t\t<a href='https:\/\/apps.mpma.mp.br\/campanha-contra-drogas\/2017\/12\/01\/quem-escolhe-o-seu-caminho-voce-ou-as-drogas-projeto-encerra-suas-atividades-em-2017\/img-20171201-wa00141\/'><img width=\"250\" height=\"250\" src=\"https:\/\/apps.mpma.mp.br\/campanha-contra-drogas\/wp-content\/uploads\/2017\/12\/IMG-20171201-WA00141-250x250.jpg\" class=\"attachment-thumbnail size-thumbnail\" alt=\"\" decoding=\"async\" loading=\"lazy\" aria-describedby=\"gallery-1-288\" \/><\/a>\n\t\t\t<\/div>\n\t\t\t\t<figcaption class='wp-caption-text gallery-caption' id='gallery-1-288'>\n\t\t\t\tPASSEIO AO F\u00d3RUM DE JUSTI\u00c7A\n\t\t\t\t<\/figcaption><\/figure><figure class='gallery-item'>\n\t\t\t<div class='gallery-icon landscape'>\n\t\t\t\t<a href='https:\/\/apps.mpma.mp.br\/campanha-contra-drogas\/2017\/11\/30\/acailandia-mpma-realiza-pedalada-como-acao-de-campanha-na-prevencao-as-drogas\/acailandia_pedalada_6-2\/'><img width=\"250\" height=\"250\" src=\"https:\/\/apps.mpma.mp.br\/campanha-contra-drogas\/wp-content\/uploads\/2017\/11\/A\u00e7ailandia_Pedalada_6-1-250x250.jpg\" class=\"attachment-thumbnail size-thumbnail\" alt=\"\" decoding=\"async\" loading=\"lazy\" aria-describedby=\"gallery-1-279\" \/><\/a>\n\t\t\t<\/div>\n\t\t\t\t<figcaption class='wp-caption-text gallery-caption' id='gallery-1-279'>\n\t\t\t\tPEDALADA &#8211; A\u00c7AIL\u00c3NDIA\/MA\n\t\t\t\t<\/figcaption><\/figure><figure class='gallery-item'>\n\t\t\t<div class='gallery-icon landscape'>\n\t\t\t\t<a href='https:\/\/apps.mpma.mp.br\/campanha-contra-drogas\/2017\/11\/30\/acailandia-mpma-realiza-pedalada-como-acao-de-campanha-na-prevencao-as-drogas\/acailandia_pedalada_7_sorteio_bicicleta\/'><img width=\"250\" height=\"250\" src=\"https:\/\/apps.mpma.mp.br\/campanha-contra-drogas\/wp-content\/uploads\/2017\/11\/A\u00e7ailandia_Pedalada_7_Sorteio_Bicicleta-250x250.jpg\" class=\"attachment-thumbnail size-thumbnail\" alt=\"\" decoding=\"async\" loading=\"lazy\" aria-describedby=\"gallery-1-280\" \/><\/a>\n\t\t\t<\/div>\n\t\t\t\t<figcaption class='wp-caption-text gallery-caption' id='gallery-1-280'>\n\t\t\t\tPEDALADA &#8211; A\u00c7AIL\u00c3NDIA\/MA\n\t\t\t\t<\/figcaption><\/figure><figure class='gallery-item'>\n\t\t\t<div class='gallery-icon landscape'>\n\t\t\t\t<a href='https:\/\/apps.mpma.mp.br\/campanha-contra-drogas\/2017\/11\/30\/acailandia-mpma-realiza-pedalada-como-acao-de-campanha-na-prevencao-as-drogas\/acailandia_pedalada_8-2\/'><img width=\"250\" height=\"250\" src=\"https:\/\/apps.mpma.mp.br\/campanha-contra-drogas\/wp-content\/uploads\/2017\/11\/A\u00e7ailandia_Pedalada_8-1-250x250.jpg\" class=\"attachment-thumbnail size-thumbnail\" alt=\"\" decoding=\"async\" loading=\"lazy\" aria-describedby=\"gallery-1-281\" \/><\/a>\n\t\t\t<\/div>\n\t\t\t\t<figcaption class='wp-caption-text gallery-caption' id='gallery-1-281'>\n\t\t\t\tPEDALADA &#8211; A\u00c7AIL\u00c3NDIA\/MA\n\t\t\t\t<\/figcaption><\/figure><figure class='gallery-item'>\n\t\t\t<div class='gallery-icon landscape'>\n\t\t\t\t<a href='https:\/\/apps.mpma.mp.br\/campanha-contra-drogas\/2017\/12\/01\/quem-escolhe-o-seu-caminho-voce-ou-as-drogas-projeto-encerra-suas-atividades-em-2017\/img-20171129-wa0012\/'><img width=\"250\" height=\"250\" src=\"https:\/\/apps.mpma.mp.br\/campanha-contra-drogas\/wp-content\/uploads\/2017\/12\/IMG-20171129-WA0012-250x250.jpg\" class=\"attachment-thumbnail size-thumbnail\" alt=\"\" decoding=\"async\" loading=\"lazy\" aria-describedby=\"gallery-1-285\" \/><\/a>\n\t\t\t<\/div>\n\t\t\t\t<figcaption class='wp-caption-text gallery-caption' id='gallery-1-285'>\n\t\t\t\tEsc. Almirante Tamandar\u00e9\n\t\t\t\t<\/figcaption><\/figure><figure class='gallery-item'>\n\t\t\t<div class='gallery-icon landscape'>\n\t\t\t\t<a href='https:\/\/apps.mpma.mp.br\/campanha-contra-drogas\/2017\/12\/01\/quem-escolhe-o-seu-caminho-voce-ou-as-drogas-projeto-encerra-suas-atividades-em-2017\/img-20171129-wa0019\/'><img width=\"250\" height=\"250\" src=\"https:\/\/apps.mpma.mp.br\/campanha-contra-drogas\/wp-content\/uploads\/2017\/12\/IMG-20171129-WA0019-250x250.jpg\" class=\"attachment-thumbnail size-thumbnail\" alt=\"\" decoding=\"async\" loading=\"lazy\" aria-describedby=\"gallery-1-286\" \/><\/a>\n\t\t\t<\/div>\n\t\t\t\t<figcaption class='wp-caption-text gallery-caption' id='gallery-1-286'>\n\t\t\t\tEsc. Almirante Tamandar\u00e9\n\t\t\t\t<\/figcaption><\/figure><figure class='gallery-item'>\n\t\t\t<div class='gallery-icon landscape'>\n\t\t\t\t<a href='https:\/\/apps.mpma.mp.br\/campanha-contra-drogas\/2017\/12\/01\/quem-escolhe-o-seu-caminho-voce-ou-as-drogas-projeto-encerra-suas-atividades-em-2017\/img-20171129-wa0032\/'><img width=\"250\" height=\"250\" src=\"https:\/\/apps.mpma.mp.br\/campanha-contra-drogas\/wp-content\/uploads\/2017\/12\/IMG-20171129-WA0032-250x250.jpg\" class=\"attachment-thumbnail size-thumbnail\" alt=\"\" decoding=\"async\" loading=\"lazy\" aria-describedby=\"gallery-1-287\" \/><\/a>\n\t\t\t<\/div>\n\t\t\t\t<figcaption class='wp-caption-text gallery-caption' id='gallery-1-287'>\n\t\t\t\tEsc. Almirante Tamandar\u00e9\n\t\t\t\t<\/figcaption><\/figure><figure class='gallery-item'>\n\t\t\t<div class='gallery-icon landscape'>\n\t\t\t\t<a href='https:\/\/apps.mpma.mp.br\/campanha-contra-drogas\/2017\/11\/30\/acailandia-mpma-realiza-pedalada-como-acao-de-campanha-na-prevencao-as-drogas\/acailandia_pedalada_3-2\/'><img width=\"250\" height=\"250\" src=\"https:\/\/apps.mpma.mp.br\/campanha-contra-drogas\/wp-content\/uploads\/2017\/11\/A\u00e7ailandia_Pedalada_3-1-250x250.jpg\" class=\"attachment-thumbnail size-thumbnail\" alt=\"\" decoding=\"async\" loading=\"lazy\" aria-describedby=\"gallery-1-278\" \/><\/a>\n\t\t\t<\/div>\n\t\t\t\t<figcaption class='wp-caption-text gallery-caption' id='gallery-1-278'>\n\t\t\t\tPEDALADA &#8211; A\u00c7AIL\u00c3NDIA\/MA\n\t\t\t\t<\/figcaption><\/figure><figure class='gallery-item'>\n\t\t\t<div class='gallery-icon landscape'>\n\t\t\t\t<a href='https:\/\/apps.mpma.mp.br\/campanha-contra-drogas\/2017\/11\/30\/acailandia-mpma-realiza-pedalada-como-acao-de-campanha-na-prevencao-as-drogas\/acailandia_pedalada_1-2\/'><img width=\"250\" height=\"250\" src=\"https:\/\/apps.mpma.mp.br\/campanha-contra-drogas\/wp-content\/uploads\/2017\/11\/A\u00e7ailandia_Pedalada_1-1-250x250.jpg\" class=\"attachment-thumbnail size-thumbnail\" alt=\"\" decoding=\"async\" loading=\"lazy\" aria-describedby=\"gallery-1-277\" \/><\/a>\n\t\t\t<\/div>\n\t\t\t\t<figcaption class='wp-caption-text gallery-caption' id='gallery-1-277'>\n\t\t\t\tPEDALADA &#8211; A\u00c7AIL\u00c3NDIA\/MA\n\t\t\t\t<\/figcaption><\/figure><figure class='gallery-item'>\n\t\t\t<div class='gallery-icon landscape'>\n\t\t\t\t<a href='https:\/\/apps.mpma.mp.br\/campanha-contra-drogas\/2017\/11\/30\/imperatriz-mpma-realiza-corrida-como-acao-da-campanha-maranhao-na-prevencao-as-drogas\/acailandia_pedalada_8\/'><img width=\"250\" height=\"250\" src=\"https:\/\/apps.mpma.mp.br\/campanha-contra-drogas\/wp-content\/uploads\/2017\/11\/A\u00e7ailandia_Pedalada_8-250x250.jpg\" class=\"attachment-thumbnail size-thumbnail\" alt=\"\" decoding=\"async\" loading=\"lazy\" aria-describedby=\"gallery-1-271\" \/><\/a>\n\t\t\t<\/div>\n\t\t\t\t<figcaption class='wp-caption-text gallery-caption' id='gallery-1-271'>\n\t\t\t\tCORRIDA &#8211; IMPERATRIZ\/MA\n\t\t\t\t<\/figcaption><\/figure><figure class='gallery-item'>\n\t\t\t<div class='gallery-icon landscape'>\n\t\t\t\t<a href='https:\/\/apps.mpma.mp.br\/campanha-contra-drogas\/2017\/11\/30\/imperatriz-mpma-realiza-corrida-como-acao-da-campanha-maranhao-na-prevencao-as-drogas\/img-20171120-wa0008\/'><img width=\"250\" height=\"250\" src=\"https:\/\/apps.mpma.mp.br\/campanha-contra-drogas\/wp-content\/uploads\/2017\/11\/IMG-20171120-WA0008-250x250.jpg\" class=\"attachment-thumbnail size-thumbnail\" alt=\"\" decoding=\"async\" loading=\"lazy\" aria-describedby=\"gallery-1-264\" \/><\/a>\n\t\t\t<\/div>\n\t\t\t\t<figcaption class='wp-caption-text gallery-caption' id='gallery-1-264'>\n\t\t\t\tCORRIDA &#8211; IMPERATRIZ\/MA\n\t\t\t\t<\/figcaption><\/figure><figure class='gallery-item'>\n\t\t\t<div class='gallery-icon landscape'>\n\t\t\t\t<a href='https:\/\/apps.mpma.mp.br\/campanha-contra-drogas\/2017\/11\/30\/atividades-da-campanha-quem-escolhe-o-seu-caminho-voce-ou-as-drogas-sao-realizadas-na-escola-militar-tiradentes\/img-20170910-wa0029\/'><img width=\"250\" height=\"250\" src=\"https:\/\/apps.mpma.mp.br\/campanha-contra-drogas\/wp-content\/uploads\/2017\/11\/IMG-20170910-WA0029-250x250.jpg\" class=\"attachment-thumbnail size-thumbnail\" alt=\"\" decoding=\"async\" loading=\"lazy\" aria-describedby=\"gallery-1-256\" \/><\/a>\n\t\t\t<\/div>\n\t\t\t\t<figcaption class='wp-caption-text gallery-caption' id='gallery-1-256'>\n\t\t\t\tEsc. Militar Tiradentes\n\t\t\t\t<\/figcaption><\/figure><figure class='gallery-item'>\n\t\t\t<div class='gallery-icon portrait'>\n\t\t\t\t<a href='https:\/\/apps.mpma.mp.br\/campanha-contra-drogas\/2017\/11\/30\/atividades-da-campanha-quem-escolhe-o-seu-caminho-voce-ou-as-drogas-sao-realizadas-na-escola-militar-tiradentes\/img-20170910-wa0030\/'><img width=\"250\" height=\"250\" src=\"https:\/\/apps.mpma.mp.br\/campanha-contra-drogas\/wp-content\/uploads\/2017\/11\/IMG-20170910-WA0030-250x250.jpg\" class=\"attachment-thumbnail size-thumbnail\" alt=\"\" decoding=\"async\" loading=\"lazy\" aria-describedby=\"gallery-1-257\" \/><\/a>\n\t\t\t<\/div>\n\t\t\t\t<figcaption class='wp-caption-text gallery-caption' id='gallery-1-257'>\n\t\t\t\tEsc. Militar Tiradentes\n\t\t\t\t<\/figcaption><\/figure><figure class='gallery-item'>\n\t\t\t<div class='gallery-icon landscape'>\n\t\t\t\t<a href='https:\/\/apps.mpma.mp.br\/campanha-contra-drogas\/2017\/11\/30\/atividades-da-campanha-quem-escolhe-o-seu-caminho-voce-ou-as-drogas-sao-realizadas-na-escola-militar-tiradentes\/img-20170910-wa0031\/'><img width=\"250\" height=\"250\" src=\"https:\/\/apps.mpma.mp.br\/campanha-contra-drogas\/wp-content\/uploads\/2017\/11\/IMG-20170910-WA0031..-250x250.jpg\" class=\"attachment-thumbnail size-thumbnail\" alt=\"\" decoding=\"async\" loading=\"lazy\" aria-describedby=\"gallery-1-258\" \/><\/a>\n\t\t\t<\/div>\n\t\t\t\t<figcaption class='wp-caption-text gallery-caption' id='gallery-1-258'>\n\t\t\t\tEsc. Militar Tiradentes\n\t\t\t\t<\/figcaption><\/figure><figure class='gallery-item'>\n\t\t\t<div class='gallery-icon landscape'>\n\t\t\t\t<a href='https:\/\/apps.mpma.mp.br\/campanha-contra-drogas\/2017\/11\/30\/atividades-da-campanha-quem-escolhe-o-seu-caminho-voce-ou-as-drogas-sao-realizadas-na-escola-militar-tiradentes\/img-20170910-wa0032\/'><img width=\"250\" height=\"250\" src=\"https:\/\/apps.mpma.mp.br\/campanha-contra-drogas\/wp-content\/uploads\/2017\/11\/IMG-20170910-WA0032-250x250.jpg\" class=\"attachment-thumbnail size-thumbnail\" alt=\"\" decoding=\"async\" loading=\"lazy\" aria-describedby=\"gallery-1-259\" \/><\/a>\n\t\t\t<\/div>\n\t\t\t\t<figcaption class='wp-caption-text gallery-caption' id='gallery-1-259'>\n\t\t\t\tEsc. Militar Tiradentes\n\t\t\t\t<\/figcaption><\/figure><figure class='gallery-item'>\n\t\t\t<div class='gallery-icon landscape'>\n\t\t\t\t<a href='https:\/\/apps.mpma.mp.br\/campanha-contra-drogas\/2017\/11\/30\/atividades-da-campanha-quem-escolhe-o-seu-caminho-voce-ou-as-drogas-sao-realizadas-na-escola-militar-tiradentes\/img-20170910-wa0033\/'><img width=\"250\" height=\"250\" src=\"https:\/\/apps.mpma.mp.br\/campanha-contra-drogas\/wp-content\/uploads\/2017\/11\/IMG-20170910-WA0033-250x250.jpg\" class=\"attachment-thumbnail size-thumbnail\" alt=\"\" decoding=\"async\" loading=\"lazy\" aria-describedby=\"gallery-1-260\" \/><\/a>\n\t\t\t<\/div>\n\t\t\t\t<figcaption class='wp-caption-text gallery-caption' id='gallery-1-260'>\n\t\t\t\tEsc. Militar Tiradentes\n\t\t\t\t<\/figcaption><\/figure><figure class='gallery-item'>\n\t\t\t<div class='gallery-icon landscape'>\n\t\t\t\t<a href='https:\/\/apps.mpma.mp.br\/campanha-contra-drogas\/2017\/11\/30\/atividades-da-campanha-quem-escolhe-o-seu-caminho-voce-ou-as-drogas-sao-realizadas-na-escola-militar-tiradentes\/img-20170906-wa0017\/'><img width=\"250\" height=\"250\" src=\"https:\/\/apps.mpma.mp.br\/campanha-contra-drogas\/wp-content\/uploads\/2017\/11\/IMG-20170906-WA0017-250x250.jpg\" class=\"attachment-thumbnail size-thumbnail\" alt=\"\" decoding=\"async\" loading=\"lazy\" aria-describedby=\"gallery-1-254\" \/><\/a>\n\t\t\t<\/div>\n\t\t\t\t<figcaption class='wp-caption-text gallery-caption' id='gallery-1-254'>\n\t\t\t\tEsc. Militar Tiradentes\n\t\t\t\t<\/figcaption><\/figure><figure class='gallery-item'>\n\t\t\t<div class='gallery-icon landscape'>\n\t\t\t\t<a href='https:\/\/apps.mpma.mp.br\/campanha-contra-drogas\/2017\/11\/30\/atividades-da-campanha-quem-escolhe-o-seu-caminho-voce-ou-as-drogas-sao-realizadas-na-escola-militar-tiradentes\/img-20170910-wa0027\/'><img width=\"250\" height=\"250\" src=\"https:\/\/apps.mpma.mp.br\/campanha-contra-drogas\/wp-content\/uploads\/2017\/11\/IMG-20170910-WA0027-250x250.jpg\" class=\"attachment-thumbnail size-thumbnail\" alt=\"\" decoding=\"async\" loading=\"lazy\" aria-describedby=\"gallery-1-255\" \/><\/a>\n\t\t\t<\/div>\n\t\t\t\t<figcaption class='wp-caption-text gallery-caption' id='gallery-1-255'>\n\t\t\t\tEsc. Militar Tiradentes\n\t\t\t\t<\/figcaption><\/figure><figure class='gallery-item'>\n\t\t\t<div class='gallery-icon landscape'>\n\t\t\t\t<a href='https:\/\/apps.mpma.mp.br\/campanha-contra-drogas\/2017\/11\/30\/atividades-da-campanha-quem-escolhe-o-seu-caminho-voce-ou-as-drogas-sao-realizadas-na-escola-militar-tiradentes\/img-20170906-wa0016\/'><img width=\"250\" height=\"250\" src=\"https:\/\/apps.mpma.mp.br\/campanha-contra-drogas\/wp-content\/uploads\/2017\/11\/IMG-20170906-WA0016-250x250.jpg\" class=\"attachment-thumbnail size-thumbnail\" alt=\"\" decoding=\"async\" loading=\"lazy\" aria-describedby=\"gallery-1-253\" \/><\/a>\n\t\t\t<\/div>\n\t\t\t\t<figcaption class='wp-caption-text gallery-caption' id='gallery-1-253'>\n\t\t\t\tEsc. Militar Tiradentes\n\t\t\t\t<\/figcaption><\/figure><figure class='gallery-item'>\n\t\t\t<div class='gallery-icon landscape'>\n\t\t\t\t<a href='https:\/\/apps.mpma.mp.br\/campanha-contra-drogas\/2017\/11\/29\/lancamento-do-livro-da-campanha\/lancamento_05\/'><img width=\"250\" height=\"250\" src=\"https:\/\/apps.mpma.mp.br\/campanha-contra-drogas\/wp-content\/uploads\/2017\/11\/lan\u00e7amento_05-250x250.jpg\" class=\"attachment-thumbnail size-thumbnail\" alt=\"\" decoding=\"async\" loading=\"lazy\" aria-describedby=\"gallery-1-248\" \/><\/a>\n\t\t\t<\/div>\n\t\t\t\t<figcaption class='wp-caption-text gallery-caption' id='gallery-1-248'>\n\t\t\t\tLAN\u00c7AMENTO DO LIVRO\n\t\t\t\t<\/figcaption><\/figure><figure class='gallery-item'>\n\t\t\t<div class='gallery-icon landscape'>\n\t\t\t\t<a href='https:\/\/apps.mpma.mp.br\/campanha-contra-drogas\/2017\/11\/29\/lancamento-do-livro-da-campanha\/lancamento_07\/'><img width=\"250\" height=\"250\" src=\"https:\/\/apps.mpma.mp.br\/campanha-contra-drogas\/wp-content\/uploads\/2017\/11\/lan\u00e7amento_07-250x250.jpg\" class=\"attachment-thumbnail size-thumbnail\" alt=\"\" decoding=\"async\" loading=\"lazy\" aria-describedby=\"gallery-1-249\" \/><\/a>\n\t\t\t<\/div>\n\t\t\t\t<figcaption class='wp-caption-text gallery-caption' id='gallery-1-249'>\n\t\t\t\tLAN\u00c7AMENTO DO LIVRO\n\t\t\t\t<\/figcaption><\/figure><figure class='gallery-item'>\n\t\t\t<div class='gallery-icon landscape'>\n\t\t\t\t<a href='https:\/\/apps.mpma.mp.br\/campanha-contra-drogas\/2017\/09\/01\/campanha-maranhao-na-prevencao-as-drogas-e-apresentada-pelo-ministerio-publico-do-estado-do-maranhao-na-camara-federal-em-brasiliadf\/brasilia_1\/'><img width=\"250\" height=\"250\" src=\"https:\/\/apps.mpma.mp.br\/campanha-contra-drogas\/wp-content\/uploads\/2017\/09\/Brasilia_1-250x250.jpeg\" class=\"attachment-thumbnail size-thumbnail\" alt=\"\" decoding=\"async\" loading=\"lazy\" aria-describedby=\"gallery-1-237\" \/><\/a>\n\t\t\t<\/div>\n\t\t\t\t<figcaption class='wp-caption-text gallery-caption' id='gallery-1-237'>\n\t\t\t\tAPRESENTA\u00c7\u00c3O DO PROJETO NA C\u00c2MARA FEDERAL, EM BRAS\u00cdLIA\n\t\t\t\t<\/figcaption><\/figure><figure class='gallery-item'>\n\t\t\t<div class='gallery-icon landscape'>\n\t\t\t\t<a href='https:\/\/apps.mpma.mp.br\/campanha-contra-drogas\/2017\/11\/29\/lancamento-do-livro-da-campanha\/escolas\/'><img width=\"250\" height=\"250\" src=\"https:\/\/apps.mpma.mp.br\/campanha-contra-drogas\/wp-content\/uploads\/2017\/11\/Escolas-250x250.jpg\" class=\"attachment-thumbnail size-thumbnail\" alt=\"\" decoding=\"async\" loading=\"lazy\" aria-describedby=\"gallery-1-243\" \/><\/a>\n\t\t\t<\/div>\n\t\t\t\t<figcaption class='wp-caption-text gallery-caption' id='gallery-1-243'>\n\t\t\t\tLAN\u00c7AMENTO DO LIVRO\n\t\t\t\t<\/figcaption><\/figure><figure class='gallery-item'>\n\t\t\t<div class='gallery-icon landscape'>\n\t\t\t\t<a href='https:\/\/apps.mpma.mp.br\/campanha-contra-drogas\/2017\/11\/29\/lancamento-do-livro-da-campanha\/lancamento_01\/'><img width=\"250\" height=\"250\" src=\"https:\/\/apps.mpma.mp.br\/campanha-contra-drogas\/wp-content\/uploads\/2017\/11\/lan\u00e7amento_01-250x250.jpg\" class=\"attachment-thumbnail size-thumbnail\" alt=\"\" decoding=\"async\" loading=\"lazy\" aria-describedby=\"gallery-1-244\" \/><\/a>\n\t\t\t<\/div>\n\t\t\t\t<figcaption class='wp-caption-text gallery-caption' id='gallery-1-244'>\n\t\t\t\tLAN\u00c7AMENTO DO LIVRO\n\t\t\t\t<\/figcaption><\/figure><figure class='gallery-item'>\n\t\t\t<div class='gallery-icon landscape'>\n\t\t\t\t<a href='https:\/\/apps.mpma.mp.br\/campanha-contra-drogas\/2017\/11\/29\/lancamento-do-livro-da-campanha\/lancamento_02\/'><img width=\"250\" height=\"250\" src=\"https:\/\/apps.mpma.mp.br\/campanha-contra-drogas\/wp-content\/uploads\/2017\/11\/lan\u00e7amento_02-250x250.jpg\" class=\"attachment-thumbnail size-thumbnail\" alt=\"\" decoding=\"async\" loading=\"lazy\" aria-describedby=\"gallery-1-245\" \/><\/a>\n\t\t\t<\/div>\n\t\t\t\t<figcaption class='wp-caption-text gallery-caption' id='gallery-1-245'>\n\t\t\t\tLAN\u00c7AMENTO DO LIVRO\n\t\t\t\t<\/figcaption><\/figure><figure class='gallery-item'>\n\t\t\t<div class='gallery-icon landscape'>\n\t\t\t\t<a href='https:\/\/apps.mpma.mp.br\/campanha-contra-drogas\/2017\/11\/29\/lancamento-do-livro-da-campanha\/lancamento_03\/'><img width=\"250\" height=\"250\" src=\"https:\/\/apps.mpma.mp.br\/campanha-contra-drogas\/wp-content\/uploads\/2017\/11\/lan\u00e7amento_03-250x250.jpg\" class=\"attachment-thumbnail size-thumbnail\" alt=\"\" decoding=\"async\" loading=\"lazy\" aria-describedby=\"gallery-1-246\" \/><\/a>\n\t\t\t<\/div>\n\t\t\t\t<figcaption class='wp-caption-text gallery-caption' id='gallery-1-246'>\n\t\t\t\tLAN\u00c7AMENTO DO LIVRO\n\t\t\t\t<\/figcaption><\/figure><figure class='gallery-item'>\n\t\t\t<div class='gallery-icon landscape'>\n\t\t\t\t<a href='https:\/\/apps.mpma.mp.br\/campanha-contra-drogas\/2017\/11\/29\/lancamento-do-livro-da-campanha\/lancamento_04\/'><img width=\"250\" height=\"250\" src=\"https:\/\/apps.mpma.mp.br\/campanha-contra-drogas\/wp-content\/uploads\/2017\/11\/lan\u00e7amento_04-250x250.jpg\" class=\"attachment-thumbnail size-thumbnail\" alt=\"\" decoding=\"async\" loading=\"lazy\" aria-describedby=\"gallery-1-247\" \/><\/a>\n\t\t\t<\/div>\n\t\t\t\t<figcaption class='wp-caption-text gallery-caption' id='gallery-1-247'>\n\t\t\t\tLAN\u00c7AMENTO DO LIVRO\n\t\t\t\t<\/figcaption><\/figure><figure class='gallery-item'>\n\t\t\t<div class='gallery-icon landscape'>\n\t\t\t\t<a href='https:\/\/apps.mpma.mp.br\/campanha-contra-drogas\/2017\/09\/01\/campanha-maranhao-na-prevencao-as-drogas-e-apresentada-pelo-ministerio-publico-do-estado-do-maranhao-na-camara-federal-em-brasiliadf\/brasilia_2\/'><img width=\"250\" height=\"250\" src=\"https:\/\/apps.mpma.mp.br\/campanha-contra-drogas\/wp-content\/uploads\/2017\/09\/Bras\u00edlia_2-250x250.jpg\" class=\"attachment-thumbnail size-thumbnail\" alt=\"\" decoding=\"async\" loading=\"lazy\" aria-describedby=\"gallery-1-236\" \/><\/a>\n\t\t\t<\/div>\n\t\t\t\t<figcaption class='wp-caption-text gallery-caption' id='gallery-1-236'>\n\t\t\t\tAPRESENTA\u00c7\u00c3O DO PROJETO NA C\u00c2MARA FEDERAL, EM BRAS\u00cdLIA\n\t\t\t\t<\/figcaption><\/figure><figure class='gallery-item'>\n\t\t\t<div class='gallery-icon landscape'>\n\t\t\t\t<a href='https:\/\/apps.mpma.mp.br\/campanha-contra-drogas\/2017\/08\/17\/mais-um-belo-evento-da-campanha-realizado-no-memorial-do-ministerio-publico-do-maranhao\/dsc_0048\/'><img width=\"250\" height=\"250\" src=\"https:\/\/apps.mpma.mp.br\/campanha-contra-drogas\/wp-content\/uploads\/2017\/08\/DSC_0048-250x250.jpg\" class=\"attachment-thumbnail size-thumbnail\" alt=\"\" decoding=\"async\" loading=\"lazy\" aria-describedby=\"gallery-1-233\" \/><\/a>\n\t\t\t<\/div>\n\t\t\t\t<figcaption class='wp-caption-text gallery-caption' id='gallery-1-233'>\n\t\t\t\tEVENTO &#8211; MEMORIAL DO MINIST\u00c9RIO P\u00daBLICO DO MARANH\u00c3O &#8211; 2017\n\t\t\t\t<\/figcaption><\/figure><figure class='gallery-item'>\n\t\t\t<div class='gallery-icon landscape'>\n\t\t\t\t<a href='https:\/\/apps.mpma.mp.br\/campanha-contra-drogas\/2017\/08\/17\/mais-um-belo-evento-da-campanha-realizado-no-memorial-do-ministerio-publico-do-maranhao\/dsc_0044-2\/'><img width=\"250\" height=\"250\" src=\"https:\/\/apps.mpma.mp.br\/campanha-contra-drogas\/wp-content\/uploads\/2017\/08\/DSC_0044-1-250x250.jpg\" class=\"attachment-thumbnail size-thumbnail\" alt=\"\" decoding=\"async\" loading=\"lazy\" aria-describedby=\"gallery-1-232\" \/><\/a>\n\t\t\t<\/div>\n\t\t\t\t<figcaption class='wp-caption-text gallery-caption' id='gallery-1-232'>\n\t\t\t\tEVENTO &#8211; MEMORIAL DO MINIST\u00c9RIO P\u00daBLICO DO MARANH\u00c3O &#8211; 2017\n\t\t\t\t<\/figcaption><\/figure><figure class='gallery-item'>\n\t\t\t<div class='gallery-icon landscape'>\n\t\t\t\t<a href='https:\/\/apps.mpma.mp.br\/campanha-contra-drogas\/2017\/08\/25\/projeto-quem-escolhe-o-seu-caminho-voce-ou-as-drogas-na-area-itaqui-bacanga-sao-luisma\/img-20170825-wa0003\/'><img width=\"250\" height=\"250\" src=\"https:\/\/apps.mpma.mp.br\/campanha-contra-drogas\/wp-content\/uploads\/2017\/08\/IMG-20170825-WA0003-250x250.jpg\" class=\"attachment-thumbnail size-thumbnail\" alt=\"\" decoding=\"async\" loading=\"lazy\" aria-describedby=\"gallery-1-218\" \/><\/a>\n\t\t\t<\/div>\n\t\t\t\t<figcaption class='wp-caption-text gallery-caption' id='gallery-1-218'>\n\t\t\t\tORGANIZADORES DO EVENTO\n\t\t\t\t<\/figcaption><\/figure><figure class='gallery-item'>\n\t\t\t<div class='gallery-icon landscape'>\n\t\t\t\t<a href='https:\/\/apps.mpma.mp.br\/campanha-contra-drogas\/2017\/08\/25\/projeto-quem-escolhe-o-seu-caminho-voce-ou-as-drogas-na-area-itaqui-bacanga-sao-luisma\/img-20170818-wa0046\/'><img width=\"250\" height=\"250\" src=\"https:\/\/apps.mpma.mp.br\/campanha-contra-drogas\/wp-content\/uploads\/2017\/08\/IMG-20170818-WA0046-250x250.jpg\" class=\"attachment-thumbnail size-thumbnail\" alt=\"\" decoding=\"async\" loading=\"lazy\" aria-describedby=\"gallery-1-217\" \/><\/a>\n\t\t\t<\/div>\n\t\t\t\t<figcaption class='wp-caption-text gallery-caption' id='gallery-1-217'>\n\t\t\t\tEscola Ant\u00f4nio Ribeiro da Silva &#8211; \u00c1rea do Itaqui-Bacanga &#8211; S\u00e3o Lu\u00eds\/MA\n\t\t\t\t<\/figcaption><\/figure><figure class='gallery-item'>\n\t\t\t<div class='gallery-icon landscape'>\n\t\t\t\t<a href='https:\/\/apps.mpma.mp.br\/campanha-contra-drogas\/2017\/08\/25\/projeto-quem-escolhe-o-seu-caminho-voce-ou-as-drogas-na-area-itaqui-bacanga-sao-luisma\/img-20170818-wa0033\/'><img width=\"250\" height=\"250\" src=\"https:\/\/apps.mpma.mp.br\/campanha-contra-drogas\/wp-content\/uploads\/2017\/08\/IMG-20170818-WA0033-250x250.jpg\" class=\"attachment-thumbnail size-thumbnail\" alt=\"\" decoding=\"async\" loading=\"lazy\" aria-describedby=\"gallery-1-215\" \/><\/a>\n\t\t\t<\/div>\n\t\t\t\t<figcaption class='wp-caption-text gallery-caption' id='gallery-1-215'>\n\t\t\t\tEscola Ant\u00f4nio Ribeiro da Silva &#8211; \u00c1rea do Itaqui-Bacanga &#8211; S\u00e3o Lu\u00eds\/MA\n\t\t\t\t<\/figcaption><\/figure><figure class='gallery-item'>\n\t\t\t<div class='gallery-icon landscape'>\n\t\t\t\t<a href='https:\/\/apps.mpma.mp.br\/campanha-contra-drogas\/2017\/08\/17\/mais-um-belo-evento-da-campanha-realizado-no-memorial-do-ministerio-publico-do-maranhao\/dsc_0079\/'><img width=\"250\" height=\"250\" src=\"https:\/\/apps.mpma.mp.br\/campanha-contra-drogas\/wp-content\/uploads\/2017\/08\/DSC_0079-250x250.jpg\" class=\"attachment-thumbnail size-thumbnail\" alt=\"\" decoding=\"async\" loading=\"lazy\" aria-describedby=\"gallery-1-207\" \/><\/a>\n\t\t\t<\/div>\n\t\t\t\t<figcaption class='wp-caption-text gallery-caption' id='gallery-1-207'>\n\t\t\t\tEVENTO &#8211; MEMORIAL DO MINIST\u00c9RIO P\u00daBLICO DO MARANH\u00c3O &#8211; 2017\n\t\t\t\t<\/figcaption><\/figure><figure class='gallery-item'>\n\t\t\t<div class='gallery-icon portrait'>\n\t\t\t\t<a href='https:\/\/apps.mpma.mp.br\/campanha-contra-drogas\/2017\/08\/25\/projeto-quem-escolhe-o-seu-caminho-voce-ou-as-drogas-na-area-itaqui-bacanga-sao-luisma\/img-20170817-wa0003-1\/'><img width=\"250\" height=\"250\" src=\"https:\/\/apps.mpma.mp.br\/campanha-contra-drogas\/wp-content\/uploads\/2017\/08\/IMG-20170817-WA0003-1-250x250.jpg\" class=\"attachment-thumbnail size-thumbnail\" alt=\"\" decoding=\"async\" loading=\"lazy\" aria-describedby=\"gallery-1-213\" \/><\/a>\n\t\t\t<\/div>\n\t\t\t\t<figcaption class='wp-caption-text gallery-caption' id='gallery-1-213'>\n\t\t\t\tNa organiza\u00e7\u00e3o deste evento, Filipe Rodrigo L. Martins e a Professora Socorro, Coordenadora de Educa\u00e7\u00e3o da Escola Ant\u00f4nio Ribeiro da Silva, em reuni\u00e3o.\n\t\t\t\t<\/figcaption><\/figure><figure class='gallery-item'>\n\t\t\t<div class='gallery-icon landscape'>\n\t\t\t\t<a href='https:\/\/apps.mpma.mp.br\/campanha-contra-drogas\/2017\/08\/25\/projeto-quem-escolhe-o-seu-caminho-voce-ou-as-drogas-na-area-itaqui-bacanga-sao-luisma\/img-20170818-wa0032\/'><img width=\"250\" height=\"250\" src=\"https:\/\/apps.mpma.mp.br\/campanha-contra-drogas\/wp-content\/uploads\/2017\/08\/IMG-20170818-WA0032-250x250.jpg\" class=\"attachment-thumbnail size-thumbnail\" alt=\"\" decoding=\"async\" loading=\"lazy\" aria-describedby=\"gallery-1-214\" \/><\/a>\n\t\t\t<\/div>\n\t\t\t\t<figcaption class='wp-caption-text gallery-caption' id='gallery-1-214'>\n\t\t\t\tEscola Ant\u00f4nio Ribeiro da Silva &#8211; \u00c1rea do Itaqui-Bacanga &#8211; S\u00e3o Lu\u00eds\/MA\n\t\t\t\t<\/figcaption><\/figure><figure class='gallery-item'>\n\t\t\t<div class='gallery-icon landscape'>\n\t\t\t\t<a href='https:\/\/apps.mpma.mp.br\/campanha-contra-drogas\/2017\/08\/17\/mais-um-belo-evento-da-campanha-realizado-no-memorial-do-ministerio-publico-do-maranhao\/palestra-memorial-2017\/'><img width=\"250\" height=\"250\" src=\"https:\/\/apps.mpma.mp.br\/campanha-contra-drogas\/wp-content\/uploads\/2017\/08\/palestra-memorial-2017-250x250.jpg\" class=\"attachment-thumbnail size-thumbnail\" alt=\"\" decoding=\"async\" loading=\"lazy\" aria-describedby=\"gallery-1-201\" \/><\/a>\n\t\t\t<\/div>\n\t\t\t\t<figcaption class='wp-caption-text gallery-caption' id='gallery-1-201'>\n\t\t\t\tEVENTO &#8211; MEMORIAL DO MINIST\u00c9RIO P\u00daBLICO DO MARANH\u00c3O &#8211; 2017\n\t\t\t\t<\/figcaption><\/figure><figure class='gallery-item'>\n\t\t\t<div class='gallery-icon landscape'>\n\t\t\t\t<a href='https:\/\/apps.mpma.mp.br\/campanha-contra-drogas\/2017\/06\/26\/campanha-bastante-movimentada-em-2017-belissimo-evento-realizado-no-liceu-maranhense\/capoeira\/'><img width=\"250\" height=\"250\" src=\"https:\/\/apps.mpma.mp.br\/campanha-contra-drogas\/wp-content\/uploads\/2017\/06\/capoeira-250x250.jpg\" class=\"attachment-thumbnail size-thumbnail\" alt=\"\" decoding=\"async\" loading=\"lazy\" aria-describedby=\"gallery-1-172\" \/><\/a>\n\t\t\t<\/div>\n\t\t\t\t<figcaption class='wp-caption-text gallery-caption' id='gallery-1-172'>\n\t\t\t\tAPRESENTA\u00c7\u00c3O DE CAPOEIRA\n\t\t\t\t<\/figcaption><\/figure><figure class='gallery-item'>\n\t\t\t<div class='gallery-icon landscape'>\n\t\t\t\t<a href='https:\/\/apps.mpma.mp.br\/campanha-contra-drogas\/2017\/06\/26\/campanha-bastante-movimentada-em-2017-belissimo-evento-realizado-no-liceu-maranhense\/teadro-de-danca\/'><img width=\"250\" height=\"250\" src=\"https:\/\/apps.mpma.mp.br\/campanha-contra-drogas\/wp-content\/uploads\/2017\/06\/teadro-de-dan\u00e7a-250x250.jpg\" class=\"attachment-thumbnail size-thumbnail\" alt=\"\" decoding=\"async\" loading=\"lazy\" aria-describedby=\"gallery-1-171\" \/><\/a>\n\t\t\t<\/div>\n\t\t\t\t<figcaption class='wp-caption-text gallery-caption' id='gallery-1-171'>\n\t\t\t\tAPRESENTA\u00c7\u00c3O TEATRAL\n\t\t\t\t<\/figcaption><\/figure><figure class='gallery-item'>\n\t\t\t<div class='gallery-icon landscape'>\n\t\t\t\t<a href='https:\/\/apps.mpma.mp.br\/campanha-contra-drogas\/2017\/06\/26\/campanha-bastante-movimentada-em-2017-belissimo-evento-realizado-no-liceu-maranhense\/premiacao2\/'><img width=\"250\" height=\"250\" src=\"https:\/\/apps.mpma.mp.br\/campanha-contra-drogas\/wp-content\/uploads\/2017\/06\/premia\u00e7\u00e3o2-250x250.jpg\" class=\"attachment-thumbnail size-thumbnail\" alt=\"\" decoding=\"async\" loading=\"lazy\" aria-describedby=\"gallery-1-170\" \/><\/a>\n\t\t\t<\/div>\n\t\t\t\t<figcaption class='wp-caption-text gallery-caption' id='gallery-1-170'>\n\t\t\t\tPREMIA\u00c7\u00c3O DOS ALUNOS VENCEDORES DOS CONCURSOS DE DESENHO E POESIA\n\t\t\t\t<\/figcaption><\/figure><figure class='gallery-item'>\n\t\t\t<div class='gallery-icon landscape'>\n\t\t\t\t<a href='https:\/\/apps.mpma.mp.br\/campanha-contra-drogas\/2017\/06\/26\/campanha-bastante-movimentada-em-2017-belissimo-evento-realizado-no-liceu-maranhense\/premiacao\/'><img width=\"250\" height=\"250\" src=\"https:\/\/apps.mpma.mp.br\/campanha-contra-drogas\/wp-content\/uploads\/2017\/06\/premia\u00e7\u00e3o-250x250.jpg\" class=\"attachment-thumbnail size-thumbnail\" alt=\"\" decoding=\"async\" loading=\"lazy\" aria-describedby=\"gallery-1-169\" \/><\/a>\n\t\t\t<\/div>\n\t\t\t\t<figcaption class='wp-caption-text gallery-caption' id='gallery-1-169'>\n\t\t\t\tPREMIA\u00c7\u00c3O DOS ALUNOS VENCEDORES DOS CONCURSOS DE DESENHO E POESIA\n\t\t\t\t<\/figcaption><\/figure><figure class='gallery-item'>\n\t\t\t<div class='gallery-icon landscape'>\n\t\t\t\t<a href='https:\/\/apps.mpma.mp.br\/campanha-contra-drogas\/2017\/06\/26\/campanha-bastante-movimentada-em-2017-belissimo-evento-realizado-no-liceu-maranhense\/dsc_0129\/'><img width=\"250\" height=\"250\" src=\"https:\/\/apps.mpma.mp.br\/campanha-contra-drogas\/wp-content\/uploads\/2017\/06\/DSC_0129-250x250.jpg\" class=\"attachment-thumbnail size-thumbnail\" alt=\"\" decoding=\"async\" loading=\"lazy\" aria-describedby=\"gallery-1-168\" \/><\/a>\n\t\t\t<\/div>\n\t\t\t\t<figcaption class='wp-caption-text gallery-caption' id='gallery-1-168'>\n\t\t\t\tCRISTIANE LAGO, PROMOTORA DE JUSTI\u00c7A , IDEALIZADORA DO PROJETO\n\t\t\t\t<\/figcaption><\/figure><figure class='gallery-item'>\n\t\t\t<div class='gallery-icon landscape'>\n\t\t\t\t<a href='https:\/\/apps.mpma.mp.br\/campanha-contra-drogas\/2017\/05\/10\/lancamento-da-campanha-em-2017\/img-20170426-wa00101\/'><img width=\"250\" height=\"250\" src=\"https:\/\/apps.mpma.mp.br\/campanha-contra-drogas\/wp-content\/uploads\/2017\/05\/IMG-20170426-WA00101-250x250.jpg\" class=\"attachment-thumbnail size-thumbnail\" alt=\"\" decoding=\"async\" loading=\"lazy\" aria-describedby=\"gallery-1-158\" \/><\/a>\n\t\t\t<\/div>\n\t\t\t\t<figcaption class='wp-caption-text gallery-caption' id='gallery-1-158'>\n\t\t\t\tMensagem educativa sobre a Ronda Escolar da Pol\u00edcia Militar, aos alunos.\n\t\t\t\t<\/figcaption><\/figure><figure class='gallery-item'>\n\t\t\t<div class='gallery-icon landscape'>\n\t\t\t\t<a href='https:\/\/apps.mpma.mp.br\/campanha-contra-drogas\/2017\/02\/08\/relembrando-encerramento-da-campanha-no-ano-de-2015\/dsc_5529reduz-2\/'><img width=\"250\" height=\"250\" src=\"https:\/\/apps.mpma.mp.br\/campanha-contra-drogas\/wp-content\/uploads\/2017\/02\/DSC_5529reduz-250x250.jpg\" class=\"attachment-thumbnail size-thumbnail\" alt=\"\" decoding=\"async\" loading=\"lazy\" aria-describedby=\"gallery-1-147\" \/><\/a>\n\t\t\t<\/div>\n\t\t\t\t<figcaption class='wp-caption-text gallery-caption' id='gallery-1-147'>\n\t\t\t\tAlunos foram alertados sobre malef\u00edcios das drogas\n\t\t\t\t<\/figcaption><\/figure><figure class='gallery-item'>\n\t\t\t<div class='gallery-icon landscape'>\n\t\t\t\t<a href='https:\/\/apps.mpma.mp.br\/campanha-contra-drogas\/2017\/02\/08\/relembrando-encerramento-da-campanha-no-ano-de-2015\/dsc_5548reduz-2\/'><img width=\"250\" height=\"250\" src=\"https:\/\/apps.mpma.mp.br\/campanha-contra-drogas\/wp-content\/uploads\/2017\/02\/DSC_5548reduz-250x250.jpg\" class=\"attachment-thumbnail size-thumbnail\" alt=\"\" decoding=\"async\" loading=\"lazy\" aria-describedby=\"gallery-1-149\" \/><\/a>\n\t\t\t<\/div>\n\t\t\t\t<figcaption class='wp-caption-text gallery-caption' id='gallery-1-149'>\n\t\t\t\tConcurso tamb\u00e9m mobiliza estudantes para debater o tema por meio da poesia\n\t\t\t\t<\/figcaption><\/figure><figure class='gallery-item'>\n\t\t\t<div class='gallery-icon portrait'>\n\t\t\t\t<a href='https:\/\/apps.mpma.mp.br\/campanha-contra-drogas\/2017\/05\/10\/lancamento-da-campanha-em-2017\/img-20170426-wa00041\/'><img width=\"250\" height=\"250\" src=\"https:\/\/apps.mpma.mp.br\/campanha-contra-drogas\/wp-content\/uploads\/2017\/05\/IMG-20170426-WA00041-250x250.jpg\" class=\"attachment-thumbnail size-thumbnail\" alt=\"\" decoding=\"async\" loading=\"lazy\" aria-describedby=\"gallery-1-153\" \/><\/a>\n\t\t\t<\/div>\n\t\t\t\t<figcaption class='wp-caption-text gallery-caption' id='gallery-1-153'>\n\t\t\t\tENTREGA DE PREMIA\u00c7\u00c3O\n\t\t\t\t<\/figcaption><\/figure><figure class='gallery-item'>\n\t\t\t<div class='gallery-icon landscape'>\n\t\t\t\t<a href='https:\/\/apps.mpma.mp.br\/campanha-contra-drogas\/2017\/05\/10\/lancamento-da-campanha-em-2017\/img-20170426-wa00061\/'><img width=\"250\" height=\"250\" src=\"https:\/\/apps.mpma.mp.br\/campanha-contra-drogas\/wp-content\/uploads\/2017\/05\/IMG-20170426-WA00061-250x250.jpg\" class=\"attachment-thumbnail size-thumbnail\" alt=\"\" decoding=\"async\" loading=\"lazy\" aria-describedby=\"gallery-1-154\" \/><\/a>\n\t\t\t<\/div>\n\t\t\t\t<figcaption class='wp-caption-text gallery-caption' id='gallery-1-154'>\n\t\t\t\tAlunos, Professores, Surpevisores, Gestores e Cidad\u00e3os, todos no combate \u00e0s drogas.\n\t\t\t\t<\/figcaption><\/figure><figure class='gallery-item'>\n\t\t\t<div class='gallery-icon landscape'>\n\t\t\t\t<a href='https:\/\/apps.mpma.mp.br\/campanha-contra-drogas\/2017\/05\/10\/lancamento-da-campanha-em-2017\/img-20170426-wa00071\/'><img width=\"250\" height=\"250\" src=\"https:\/\/apps.mpma.mp.br\/campanha-contra-drogas\/wp-content\/uploads\/2017\/05\/IMG-20170426-WA00071-250x250.jpg\" class=\"attachment-thumbnail size-thumbnail\" alt=\"\" decoding=\"async\" loading=\"lazy\" aria-describedby=\"gallery-1-155\" \/><\/a>\n\t\t\t<\/div>\n\t\t\t\t<figcaption class='wp-caption-text gallery-caption' id='gallery-1-155'>\n\t\t\t\tAlunos, Professores, Surpevisores, Gestores e Cidad\u00e3os, todos no combate \u00e0s drogas.\n\t\t\t\t<\/figcaption><\/figure><figure class='gallery-item'>\n\t\t\t<div class='gallery-icon landscape'>\n\t\t\t\t<a href='https:\/\/apps.mpma.mp.br\/campanha-contra-drogas\/2017\/05\/10\/lancamento-da-campanha-em-2017\/img-20170426-wa00081\/'><img width=\"250\" height=\"250\" src=\"https:\/\/apps.mpma.mp.br\/campanha-contra-drogas\/wp-content\/uploads\/2017\/05\/IMG-20170426-WA00081-250x250.jpg\" class=\"attachment-thumbnail size-thumbnail\" alt=\"\" decoding=\"async\" loading=\"lazy\" aria-describedby=\"gallery-1-156\" \/><\/a>\n\t\t\t<\/div>\n\t\t\t\t<figcaption class='wp-caption-text gallery-caption' id='gallery-1-156'>\n\t\t\t\tENTREGA DE PREMIA\u00c7\u00c3O\n\t\t\t\t<\/figcaption><\/figure><figure class='gallery-item'>\n\t\t\t<div class='gallery-icon landscape'>\n\t\t\t\t<a href='https:\/\/apps.mpma.mp.br\/campanha-contra-drogas\/campanha\/fotos-2019-2-1024x576\/'><img width=\"250\" height=\"250\" src=\"https:\/\/apps.mpma.mp.br\/campanha-contra-drogas\/wp-content\/uploads\/2016\/09\/Fotos-2019.2-1024x576-250x250.jpeg\" class=\"attachment-thumbnail size-thumbnail\" alt=\"\" decoding=\"async\" loading=\"lazy\" \/><\/a>\n\t\t\t<\/div><\/figure><figure class='gallery-item'>\n\t\t\t<div class='gallery-icon landscape'>\n\t\t\t\t<a href='https:\/\/apps.mpma.mp.br\/campanha-contra-drogas\/campanha\/fotos-2019-3-2\/'><img width=\"250\" height=\"250\" src=\"https:\/\/apps.mpma.mp.br\/campanha-contra-drogas\/wp-content\/uploads\/2016\/09\/Fotos-2019.3-250x250.jpeg\" class=\"attachment-thumbnail size-thumbnail\" alt=\"\" decoding=\"async\" loading=\"lazy\" \/><\/a>\n\t\t\t<\/div><\/figure><figure class='gallery-item'>\n\t\t\t<div class='gallery-icon landscape'>\n\t\t\t\t<a href='https:\/\/apps.mpma.mp.br\/campanha-contra-drogas\/campanha\/fotos-2019-4-2\/'><img width=\"250\" height=\"250\" src=\"https:\/\/apps.mpma.mp.br\/campanha-contra-drogas\/wp-content\/uploads\/2016\/09\/Fotos-2019.4-250x250.jpeg\" class=\"attachment-thumbnail size-thumbnail\" alt=\"\" decoding=\"async\" loading=\"lazy\" \/><\/a>\n\t\t\t<\/div><\/figure><figure class='gallery-item'>\n\t\t\t<div class='gallery-icon landscape'>\n\t\t\t\t<a href='https:\/\/apps.mpma.mp.br\/campanha-contra-drogas\/campanha\/fotos-2019-1024x768\/'><img width=\"250\" height=\"250\" src=\"https:\/\/apps.mpma.mp.br\/campanha-contra-drogas\/wp-content\/uploads\/2016\/09\/Fotos-2019-1024x768-250x250.jpeg\" class=\"attachment-thumbnail size-thumbnail\" alt=\"\" decoding=\"async\" loading=\"lazy\" \/><\/a>\n\t\t\t<\/div><\/figure><figure class='gallery-item'>\n\t\t\t<div class='gallery-icon landscape'>\n\t\t\t\t<a href='https:\/\/apps.mpma.mp.br\/campanha-contra-drogas\/2018\/07\/09\/lancamento-da-campanha-nos-municipios-de-sambaiba-e-sao-raimundo-das-mangabeiras\/disucrso_pgj_em_sambaiba\/'><img width=\"250\" height=\"250\" src=\"https:\/\/apps.mpma.mp.br\/campanha-contra-drogas\/wp-content\/uploads\/2018\/07\/disucrso_PGJ_em_Sambaiba-250x250.jpeg\" class=\"attachment-thumbnail size-thumbnail\" alt=\"\" decoding=\"async\" loading=\"lazy\" \/><\/a>\n\t\t\t<\/div><\/figure><figure class='gallery-item'>\n\t\t\t<div class='gallery-icon landscape'>\n\t\t\t\t<a href='https:\/\/apps.mpma.mp.br\/campanha-contra-drogas\/2018\/07\/09\/lancamento-da-campanha-nos-municipios-de-sambaiba-e-sao-raimundo-das-mangabeiras\/apresentacao_alunos_sambaiba\/'><img width=\"250\" height=\"250\" src=\"https:\/\/apps.mpma.mp.br\/campanha-contra-drogas\/wp-content\/uploads\/2018\/07\/Apresenta\u00e7\u00e3o_alunos_Samba\u00edba-250x250.jpeg\" class=\"attachment-thumbnail size-thumbnail\" alt=\"\" decoding=\"async\" loading=\"lazy\" \/><\/a>\n\t\t\t<\/div><\/figure><figure class='gallery-item'>\n\t\t\t<div class='gallery-icon landscape'>\n\t\t\t\t<a href='https:\/\/apps.mpma.mp.br\/campanha-contra-drogas\/2018\/07\/09\/lancamento-da-campanha-nos-municipios-de-sambaiba-e-sao-raimundo-das-mangabeiras\/foto_geral_2\/'><img width=\"250\" height=\"250\" src=\"https:\/\/apps.mpma.mp.br\/campanha-contra-drogas\/wp-content\/uploads\/2018\/07\/Foto_geral_2-250x250.jpeg\" class=\"attachment-thumbnail size-thumbnail\" alt=\"\" decoding=\"async\" loading=\"lazy\" \/><\/a>\n\t\t\t<\/div><\/figure><figure class='gallery-item'>\n\t\t\t<div class='gallery-icon landscape'>\n\t\t\t\t<a href='https:\/\/apps.mpma.mp.br\/campanha-contra-drogas\/2018\/07\/09\/lancamento-da-campanha-nos-municipios-de-sambaiba-e-sao-raimundo-das-mangabeiras\/foto_geral_sambaiba_1\/'><img width=\"250\" height=\"250\" src=\"https:\/\/apps.mpma.mp.br\/campanha-contra-drogas\/wp-content\/uploads\/2018\/07\/Foto_geral_Sambaiba_1-250x250.jpeg\" class=\"attachment-thumbnail size-thumbnail\" alt=\"\" decoding=\"async\" loading=\"lazy\" \/><\/a>\n\t\t\t<\/div><\/figure><figure class='gallery-item'>\n\t\t\t<div class='gallery-icon landscape'>\n\t\t\t\t<a href='https:\/\/apps.mpma.mp.br\/campanha-contra-drogas\/2018\/07\/09\/lancamento-da-campanha-nos-municipios-de-sambaiba-e-sao-raimundo-das-mangabeiras\/mesa_sambabia\/'><img width=\"250\" height=\"250\" src=\"https:\/\/apps.mpma.mp.br\/campanha-contra-drogas\/wp-content\/uploads\/2018\/07\/Mesa_Sambabia-250x250.jpeg\" class=\"attachment-thumbnail size-thumbnail\" alt=\"\" decoding=\"async\" loading=\"lazy\" \/><\/a>\n\t\t\t<\/div><\/figure><figure class='gallery-item'>\n\t\t\t<div class='gallery-icon landscape'>\n\t\t\t\t<a href='https:\/\/apps.mpma.mp.br\/campanha-contra-drogas\/2018\/07\/09\/lancamento-da-campanha-no-municipio-de-paco-do-lumiar\/paco6\/'><img width=\"250\" height=\"250\" src=\"https:\/\/apps.mpma.mp.br\/campanha-contra-drogas\/wp-content\/uploads\/2018\/07\/Pa\u00e7o6-250x250.jpg\" class=\"attachment-thumbnail size-thumbnail\" alt=\"\" decoding=\"async\" loading=\"lazy\" \/><\/a>\n\t\t\t<\/div><\/figure><figure class='gallery-item'>\n\t\t\t<div class='gallery-icon landscape'>\n\t\t\t\t<a href='https:\/\/apps.mpma.mp.br\/campanha-contra-drogas\/2018\/05\/25\/destaque-a-campanha-no-municipio-de-acailandia\/f528ee29-aea6-4e83-8d55-49eda501c366\/'><img width=\"250\" height=\"250\" src=\"https:\/\/apps.mpma.mp.br\/campanha-contra-drogas\/wp-content\/uploads\/2018\/05\/f528ee29-aea6-4e83-8d55-49eda501c366-250x250.jpg\" class=\"attachment-thumbnail size-thumbnail\" alt=\"\" decoding=\"async\" loading=\"lazy\" \/><\/a>\n\t\t\t<\/div><\/figure><figure class='gallery-item'>\n\t\t\t<div class='gallery-icon landscape'>\n\t\t\t\t<a href='https:\/\/apps.mpma.mp.br\/campanha-contra-drogas\/2018\/05\/25\/destaque-a-campanha-no-municipio-de-acailandia\/f71ab036-f269-4b19-aa0d-79eae0cee7af\/'><img width=\"250\" height=\"250\" src=\"https:\/\/apps.mpma.mp.br\/campanha-contra-drogas\/wp-content\/uploads\/2018\/05\/f71ab036-f269-4b19-aa0d-79eae0cee7af-250x250.jpg\" class=\"attachment-thumbnail size-thumbnail\" alt=\"\" decoding=\"async\" loading=\"lazy\" \/><\/a>\n\t\t\t<\/div><\/figure><figure class='gallery-item'>\n\t\t\t<div class='gallery-icon landscape'>\n\t\t\t\t<a href='https:\/\/apps.mpma.mp.br\/campanha-contra-drogas\/2018\/05\/25\/destaque-a-campanha-no-municipio-de-acailandia\/camp-drogas-esc-dom-marcelino-16-04-18\/'><img width=\"250\" height=\"250\" src=\"https:\/\/apps.mpma.mp.br\/campanha-contra-drogas\/wp-content\/uploads\/2018\/05\/camp-drogas.-Esc-Dom-Marcelino.-16-04-18-250x250.jpg\" class=\"attachment-thumbnail size-thumbnail\" alt=\"\" decoding=\"async\" loading=\"lazy\" \/><\/a>\n\t\t\t<\/div><\/figure><figure class='gallery-item'>\n\t\t\t<div class='gallery-icon landscape'>\n\t\t\t\t<a href='https:\/\/apps.mpma.mp.br\/campanha-contra-drogas\/2018\/05\/25\/campanha-de-prevencao-as-drogas-e-lancada-em-bequimao-e-mirinzal\/dsc_0392\/'><img width=\"250\" height=\"250\" src=\"https:\/\/apps.mpma.mp.br\/campanha-contra-drogas\/wp-content\/uploads\/2018\/05\/DSC_0392-250x250.jpg\" class=\"attachment-thumbnail size-thumbnail\" alt=\"\" decoding=\"async\" loading=\"lazy\" \/><\/a>\n\t\t\t<\/div><\/figure><figure class='gallery-item'>\n\t\t\t<div class='gallery-icon landscape'>\n\t\t\t\t<a href='https:\/\/apps.mpma.mp.br\/campanha-contra-drogas\/2018\/05\/25\/campanha-de-prevencao-as-drogas-e-lancada-em-bequimao-e-mirinzal\/dsc_0379\/'><img width=\"250\" height=\"250\" src=\"https:\/\/apps.mpma.mp.br\/campanha-contra-drogas\/wp-content\/uploads\/2018\/05\/DSC_0379-250x250.jpg\" class=\"attachment-thumbnail size-thumbnail\" alt=\"\" decoding=\"async\" loading=\"lazy\" \/><\/a>\n\t\t\t<\/div><\/figure><figure class='gallery-item'>\n\t\t\t<div class='gallery-icon landscape'>\n\t\t\t\t<a href='https:\/\/apps.mpma.mp.br\/campanha-contra-drogas\/2018\/05\/25\/campanha-de-prevencao-as-drogas-e-lancada-em-bequimao-e-mirinzal\/dsc_0314\/'><img width=\"250\" height=\"250\" src=\"https:\/\/apps.mpma.mp.br\/campanha-contra-drogas\/wp-content\/uploads\/2018\/05\/DSC_0314-250x250.jpg\" class=\"attachment-thumbnail size-thumbnail\" alt=\"\" decoding=\"async\" loading=\"lazy\" \/><\/a>\n\t\t\t<\/div><\/figure><figure class='gallery-item'>\n\t\t\t<div class='gallery-icon landscape'>\n\t\t\t\t<a href='https:\/\/apps.mpma.mp.br\/campanha-contra-drogas\/2018\/05\/25\/campanha-de-prevencao-as-drogas-e-lancada-em-bequimao-e-mirinzal\/dsc_0189\/'><img width=\"250\" height=\"250\" src=\"https:\/\/apps.mpma.mp.br\/campanha-contra-drogas\/wp-content\/uploads\/2018\/05\/DSC_0189-250x250.jpg\" class=\"attachment-thumbnail size-thumbnail\" alt=\"\" decoding=\"async\" loading=\"lazy\" \/><\/a>\n\t\t\t<\/div><\/figure><figure class='gallery-item'>\n\t\t\t<div class='gallery-icon landscape'>\n\t\t\t\t<a href='https:\/\/apps.mpma.mp.br\/campanha-contra-drogas\/2018\/05\/25\/campanha-de-prevencao-as-drogas-e-lancada-em-bequimao-e-mirinzal\/dsc_0246\/'><img width=\"250\" height=\"250\" src=\"https:\/\/apps.mpma.mp.br\/campanha-contra-drogas\/wp-content\/uploads\/2018\/05\/DSC_0246-250x250.jpg\" class=\"attachment-thumbnail size-thumbnail\" alt=\"\" decoding=\"async\" loading=\"lazy\" \/><\/a>\n\t\t\t<\/div><\/figure><figure class='gallery-item'>\n\t\t\t<div class='gallery-icon landscape'>\n\t\t\t\t<a href='https:\/\/apps.mpma.mp.br\/campanha-contra-drogas\/2018\/05\/25\/campanha-de-prevencao-as-drogas-e-lancada-em-bequimao-e-mirinzal\/dsc_0294\/'><img width=\"250\" height=\"250\" src=\"https:\/\/apps.mpma.mp.br\/campanha-contra-drogas\/wp-content\/uploads\/2018\/05\/DSC_0294-250x250.jpg\" class=\"attachment-thumbnail size-thumbnail\" alt=\"\" decoding=\"async\" loading=\"lazy\" \/><\/a>\n\t\t\t<\/div><\/figure><figure class='gallery-item'>\n\t\t\t<div class='gallery-icon landscape'>\n\t\t\t\t<a href='https:\/\/apps.mpma.mp.br\/campanha-contra-drogas\/2018\/05\/25\/campanha-de-prevencao-as-drogas-e-lancada-em-bequimao-e-mirinzal\/dsc_0306\/'><img width=\"250\" height=\"250\" src=\"https:\/\/apps.mpma.mp.br\/campanha-contra-drogas\/wp-content\/uploads\/2018\/05\/DSC_0306-250x250.jpg\" class=\"attachment-thumbnail size-thumbnail\" alt=\"\" decoding=\"async\" loading=\"lazy\" \/><\/a>\n\t\t\t<\/div><\/figure><figure class='gallery-item'>\n\t\t\t<div class='gallery-icon landscape'>\n\t\t\t\t<a href='https:\/\/apps.mpma.mp.br\/campanha-contra-drogas\/2019\/06\/26\/quem-escolhe-o-seu-caminho-voce-ou-as-drogas-no-mes-de-maio2019-as-atividades-do-projeto-chegam-a-mais-duas-escolas-de-sao-luis\/whatsapp_image_2019-06-03_at_10-03-37\/'><img width=\"250\" height=\"250\" src=\"https:\/\/apps.mpma.mp.br\/campanha-contra-drogas\/wp-content\/uploads\/2019\/06\/WhatsApp_Image_2019-06-03_at_10.03.37-250x250.jpeg\" class=\"attachment-thumbnail size-thumbnail\" alt=\"\" decoding=\"async\" loading=\"lazy\" \/><\/a>\n\t\t\t<\/div><\/figure><figure class='gallery-item'>\n\t\t\t<div class='gallery-icon landscape'>\n\t\t\t\t<a href='https:\/\/apps.mpma.mp.br\/campanha-contra-drogas\/2019\/06\/26\/quem-escolhe-o-seu-caminho-voce-ou-as-drogas-no-mes-de-maio2019-as-atividades-do-projeto-chegam-a-mais-duas-escolas-de-sao-luis\/whatsapp_image_2019-06-03_at_09-55-32\/'><img width=\"250\" height=\"250\" src=\"https:\/\/apps.mpma.mp.br\/campanha-contra-drogas\/wp-content\/uploads\/2019\/06\/WhatsApp_Image_2019-06-03_at_09.55.32-250x250.jpeg\" class=\"attachment-thumbnail size-thumbnail\" alt=\"\" decoding=\"async\" loading=\"lazy\" \/><\/a>\n\t\t\t<\/div><\/figure><figure class='gallery-item'>\n\t\t\t<div class='gallery-icon landscape'>\n\t\t\t\t<a href='https:\/\/apps.mpma.mp.br\/campanha-contra-drogas\/2018\/07\/09\/lancamento-da-campanha-no-municipio-de-paco-do-lumiar\/paco4\/'><img width=\"250\" height=\"250\" src=\"https:\/\/apps.mpma.mp.br\/campanha-contra-drogas\/wp-content\/uploads\/2018\/07\/Pa\u00e7o4-250x250.jpg\" class=\"attachment-thumbnail size-thumbnail\" alt=\"\" decoding=\"async\" loading=\"lazy\" \/><\/a>\n\t\t\t<\/div><\/figure><figure class='gallery-item'>\n\t\t\t<div class='gallery-icon landscape'>\n\t\t\t\t<a href='https:\/\/apps.mpma.mp.br\/campanha-contra-drogas\/2018\/05\/25\/campanha-de-prevencao-as-drogas-e-lancada-em-bequimao-e-mirinzal\/dsc_0079-2\/'><img width=\"250\" height=\"250\" src=\"https:\/\/apps.mpma.mp.br\/campanha-contra-drogas\/wp-content\/uploads\/2018\/05\/DSC_0079-250x250.jpg\" class=\"attachment-thumbnail size-thumbnail\" alt=\"\" decoding=\"async\" loading=\"lazy\" \/><\/a>\n\t\t\t<\/div><\/figure>\n\t\t<\/div>\n\n<p>&nbsp;<\/p>\n<p>&nbsp;<\/p>\n<p>&nbsp;<\/p>\n<p>&nbsp;<\/p>\n<p>&nbsp;<\/p>\n<p>&nbsp;<\/p>\n<p>&nbsp;<\/p>\n<p>&nbsp;<\/p>\n<p>&nbsp;<\/p>\n<p>&nbsp;<\/p>\n<p>&nbsp;<\/p>\n<p>&nbsp;<\/p>\n<p>&nbsp;<\/p>\n<p>&nbsp;<\/p>\n<p>&nbsp;<\/p>\n<p>&nbsp;<\/p>\n","protected":false},"excerpt":{"rendered":"<p>&nbsp; Objetivo Esta campanha de preven\u00e7\u00e3o e combate \u00e0s drogas visa despertar a reflex\u00e3o sobre a problem\u00e1tica das drogas e suas implica\u00e7\u00f5es na vida familiar e social, al\u00e9m de contribuir para a diminui\u00e7\u00e3o da criminalidade, consistindo em palestras e concursos de desenhos e poesias em escolas p\u00fablicas municipais e estaduais de S\u00e3o Lu\u00eds\/MA. Desde o &hellip; <a href=\"https:\/\/apps.mpma.mp.br\/campanha-contra-drogas\/campanha\/\" class=\"more-link\">Continue lendo <span class=\"screen-reader-text\">NOSSO PROJETO<\/span> <span class=\"meta-nav\">&rarr;<\/span><\/a><\/p>\n","protected":false},"author":1,"featured_media":0,"parent":0,"menu_order":0,"comment_status":"closed","ping_status":"open","template":"","meta":[],"_links":{"self":[{"href":"https:\/\/apps.mpma.mp.br\/campanha-contra-drogas\/wp-json\/wp\/v2\/pages\/2"}],"collection":[{"href":"https:\/\/apps.mpma.mp.br\/campanha-contra-drogas\/wp-json\/wp\/v2\/pages"}],"about":[{"href":"https:\/\/apps.mpma.mp.br\/campanha-contra-drogas\/wp-json\/wp\/v2\/types\/page"}],"author":[{"embeddable":true,"href":"https:\/\/apps.mpma.mp.br\/campanha-contra-drogas\/wp-json\/wp\/v2\/users\/1"}],"replies":[{"embeddable":true,"href":"https:\/\/apps.mpma.mp.br\/campanha-contra-drogas\/wp-json\/wp\/v2\/comments?post=2"}],"version-history":[{"count":55,"href":"https:\/\/apps.mpma.mp.br\/campanha-contra-drogas\/wp-json\/wp\/v2\/pages\/2\/revisions"}],"predecessor-version":[{"id":528,"href":"https:\/\/apps.mpma.mp.br\/campanha-contra-drogas\/wp-json\/wp\/v2\/pages\/2\/revisions\/528"}],"wp:attachment":[{"href":"https:\/\/apps.mpma.mp.br\/campanha-contra-drogas\/wp-json\/wp\/v2\/media?parent=2"}],"curies":[{"name":"wp","href":"https:\/\/api.w.org\/{rel}","templated":true}]}}